{"id":7898,"date":"2024-10-27T15:31:19","date_gmt":"2024-10-27T14:31:19","guid":{"rendered":"https:\/\/www.micoulou-photos.com\/?page_id=7898"},"modified":"2024-10-27T20:48:48","modified_gmt":"2024-10-27T19:48:48","slug":"les-visites-virtuelles-vr-360","status":"publish","type":"page","link":"https:\/\/www.micoulou-photos.com\/index.php\/les-visites-virtuelles-vr-360\/","title":{"rendered":"Les visites virtuelles VR 360\u00b0"},"content":{"rendered":"\t\t<div data-elementor-type=\"wp-page\" data-elementor-id=\"7898\" class=\"elementor elementor-7898\" data-elementor-post-type=\"page\">\n\t\t\t\t\t\t<section class=\"elementor-section elementor-top-section elementor-element elementor-element-915a7c4 elementor-section-boxed elementor-section-height-default elementor-section-height-default\" data-id=\"915a7c4\" data-element_type=\"section\" data-e-type=\"section\">\n\t\t\t\t\t\t<div class=\"elementor-container elementor-column-gap-default\">\n\t\t\t\t\t<div class=\"elementor-column elementor-col-100 elementor-top-column elementor-element elementor-element-71b8709\" data-id=\"71b8709\" data-element_type=\"column\" data-e-type=\"column\">\n\t\t\t<div class=\"elementor-widget-wrap elementor-element-populated\">\n\t\t\t\t\t\t<div class=\"elementor-element elementor-element-72758e1 elementor-widget elementor-widget-heading\" data-id=\"72758e1\" data-element_type=\"widget\" data-e-type=\"widget\" data-widget_type=\"heading.default\">\n\t\t\t\t<div class=\"elementor-widget-container\">\n\t\t\t\t\t<h2 class=\"elementor-heading-title elementor-size-default\">Reportage 360\u00b0 \/ VR<\/h2>\t\t\t\t<\/div>\n\t\t\t\t<\/div>\n\t\t\t\t<section class=\"elementor-section elementor-inner-section elementor-element elementor-element-8c61fe6 elementor-section-boxed elementor-section-height-default elementor-section-height-default\" data-id=\"8c61fe6\" data-element_type=\"section\" data-e-type=\"section\">\n\t\t\t\t\t\t<div class=\"elementor-container elementor-column-gap-default\">\n\t\t\t\t\t<div class=\"elementor-column elementor-col-50 elementor-inner-column elementor-element elementor-element-b247192\" data-id=\"b247192\" data-element_type=\"column\" data-e-type=\"column\">\n\t\t\t<div class=\"elementor-widget-wrap elementor-element-populated\">\n\t\t\t\t\t\t<div class=\"elementor-element elementor-element-55bec49 elementor-widget elementor-widget-text-editor\" data-id=\"55bec49\" data-element_type=\"widget\" data-e-type=\"widget\" data-widget_type=\"text-editor.default\">\n\t\t\t\t<div class=\"elementor-widget-container\">\n\t\t\t\t\t\t\t\t\t<h3>R\u00e9alisez un reportage complet sur votre propri\u00e9t\u00e9.<\/h3>\n<p>Je mets en valeur gr\u00e2ce \u00e0 la r\u00e9alisation d&rsquo;images 360\u00b0 et de vid\u00e9o les lieux int\u00e9ressants. Vos clients pourront ainsi voir les lieux tels qu&rsquo;ils sont.<\/p>\n<p>Le reportage peut contenir un ensemble de photos du lieu, des Visites virtuelles que je peux vous aider \u00e0 int\u00e9grer sur votre site et m\u00eame un mini reportage vid\u00e9o.<\/p>\t\t\t\t\t\t\t\t<\/div>\n\t\t\t\t<\/div>\n\t\t\t\t\t<\/div>\n\t\t<\/div>\n\t\t\t\t<div class=\"elementor-column elementor-col-50 elementor-inner-column elementor-element elementor-element-31deb52\" data-id=\"31deb52\" data-element_type=\"column\" data-e-type=\"column\">\n\t\t\t<div class=\"elementor-widget-wrap elementor-element-populated\">\n\t\t\t\t\t\t<div class=\"elementor-element elementor-element-f21b403 elementor-widget elementor-widget-html\" data-id=\"f21b403\" data-element_type=\"widget\" data-e-type=\"widget\" data-widget_type=\"html.default\">\n\t\t\t\t<div class=\"elementor-widget-container\">\n\t\t\t\t\t <iframe src=\"https:\/\/www.micoulou-photos.com\/VR\/yourtes\/Cachette.html\" height=400><\/iframe> \t\t\t\t<\/div>\n\t\t\t\t<\/div>\n\t\t\t\t\t<\/div>\n\t\t<\/div>\n\t\t\t\t\t<\/div>\n\t\t<\/section>\n\t\t\t\t<div class=\"elementor-element elementor-element-0dba390 elementor-widget-divider--separator-type-pattern elementor-widget-divider--no-spacing elementor-widget-divider--view-line elementor-widget elementor-widget-divider\" data-id=\"0dba390\" data-element_type=\"widget\" data-e-type=\"widget\" data-widget_type=\"divider.default\">\n\t\t\t\t<div class=\"elementor-widget-container\">\n\t\t\t\t\t\t\t<div class=\"elementor-divider\" style=\"--divider-pattern-url: url(&quot;data:image\/svg+xml,%3Csvg xmlns=&#039;http:\/\/www.w3.org\/2000\/svg&#039; preserveAspectRatio=&#039;xMidYMid meet&#039; overflow=&#039;visible&#039; height=&#039;100%&#039; viewBox=&#039;0 0 120 26&#039; fill=&#039;black&#039; stroke=&#039;none&#039;%3E%3Cpath d=&#039;M54,1.6V26h-9V2.5L54,1.6z M69,1.6v23.3L60,26V1.6H69z M24,1.6v23.5l-9-0.6V1.6H24z M30,0l9,0.7v24.5h-9V0z M9,2.5v22H0V3.7L9,2.5z M75,1.6l9,0.9v22h-9V1.6z M99,2.7v21.7h-9V3.8L99,2.7z M114,3.8v20.7l-9-0.5V3.8L114,3.8z&#039;\/%3E%3C\/svg%3E&quot;);\">\n\t\t\t<span class=\"elementor-divider-separator\">\n\t\t\t\t\t\t<\/span>\n\t\t<\/div>\n\t\t\t\t\t\t<\/div>\n\t\t\t\t<\/div>\n\t\t\t\t<div class=\"elementor-element elementor-element-3c3f994 elementor-widget elementor-widget-text-editor\" data-id=\"3c3f994\" data-element_type=\"widget\" data-e-type=\"widget\" data-widget_type=\"text-editor.default\">\n\t\t\t\t<div class=\"elementor-widget-container\">\n\t\t\t\t\t\t\t\t\t<p style=\"text-align: center;\">Je vous pr\u00e9sente sur mon blog mes derni\u00e8res r\u00e9alisation en reportage comprenant des reportages et visites virtuelles<\/p>\t\t\t\t\t\t\t\t<\/div>\n\t\t\t\t<\/div>\n\t\t\t\t<div class=\"elementor-element elementor-element-b603e72 elementor-grid-3 elementor-grid-tablet-2 elementor-grid-mobile-1 elementor-widget elementor-widget-portfolio\" data-id=\"b603e72\" data-element_type=\"widget\" data-e-type=\"widget\" data-settings=\"{&quot;columns&quot;:&quot;3&quot;,&quot;columns_tablet&quot;:&quot;2&quot;,&quot;columns_mobile&quot;:&quot;1&quot;,&quot;item_ratio&quot;:{&quot;unit&quot;:&quot;px&quot;,&quot;size&quot;:0.66,&quot;sizes&quot;:[]},&quot;item_gap&quot;:{&quot;unit&quot;:&quot;px&quot;,&quot;size&quot;:&quot;&quot;,&quot;sizes&quot;:[]},&quot;row_gap&quot;:{&quot;unit&quot;:&quot;px&quot;,&quot;size&quot;:&quot;&quot;,&quot;sizes&quot;:[]}}\" data-widget_type=\"portfolio.default\">\n\t\t\t\t<div class=\"elementor-widget-container\">\n\t\t\t\t\t\t\t<div class=\"elementor-portfolio elementor-grid elementor-posts-container\" role=\"list\">\n\t\t\t\t<article class=\"elementor-portfolio-item elementor-post  post-6048 post type-post status-publish format-standard has-post-thumbnail hentry category-hebergement category-reportage category-visite-virtuelle tag-160 tag-creation-site-web tag-hebergement tag-loveroom tag-medis tag-ocean-atlantique tag-reportage tag-reportage-photo tag-royan tag-vr\" role=\"listitem\">\n\t\t\t<a class=\"elementor-post__thumbnail__link\" href=\"https:\/\/www.micoulou-photos.com\/index.php\/2020\/04\/29\/love-room-royan\/\">\n\t\t\t\t<div class=\"elementor-portfolio-item__img elementor-post__thumbnail\">\n\t\t\t<img fetchpriority=\"high\" decoding=\"async\" data-attachment-id=\"6063\" data-permalink=\"https:\/\/www.micoulou-photos.com\/index.php\/2020\/04\/29\/love-room-royan\/dsc03316\/\" data-orig-file=\"https:\/\/i0.wp.com\/www.micoulou-photos.com\/wp-content\/uploads\/2020\/04\/DSC03316.jpg?fit=1800%2C1200&amp;ssl=1\" data-orig-size=\"1800,1200\" data-comments-opened=\"1\" data-image-meta=\"{&quot;aperture&quot;:&quot;0&quot;,&quot;credit&quot;:&quot;&quot;,&quot;camera&quot;:&quot;ILCE-7&quot;,&quot;caption&quot;:&quot;&quot;,&quot;created_timestamp&quot;:&quot;1567543454&quot;,&quot;copyright&quot;:&quot;&quot;,&quot;focal_length&quot;:&quot;0&quot;,&quot;iso&quot;:&quot;6400&quot;,&quot;shutter_speed&quot;:&quot;0.02&quot;,&quot;title&quot;:&quot;&quot;,&quot;orientation&quot;:&quot;0&quot;}\" data-image-title=\"DSC03316\" data-image-description=\"\" data-image-caption=\"\" data-large-file=\"https:\/\/i0.wp.com\/www.micoulou-photos.com\/wp-content\/uploads\/2020\/04\/DSC03316.jpg?fit=800%2C533&amp;ssl=1\" width=\"300\" height=\"200\" src=\"https:\/\/i0.wp.com\/www.micoulou-photos.com\/wp-content\/uploads\/2020\/04\/DSC03316.jpg?fit=300%2C200&amp;ssl=1\" class=\"attachment-medium size-medium wp-image-6063\" alt=\"\" srcset=\"https:\/\/i0.wp.com\/www.micoulou-photos.com\/wp-content\/uploads\/2020\/04\/DSC03316.jpg?w=1800&amp;ssl=1 1800w, https:\/\/i0.wp.com\/www.micoulou-photos.com\/wp-content\/uploads\/2020\/04\/DSC03316.jpg?resize=300%2C200&amp;ssl=1 300w, https:\/\/i0.wp.com\/www.micoulou-photos.com\/wp-content\/uploads\/2020\/04\/DSC03316.jpg?resize=1200%2C800&amp;ssl=1 1200w, https:\/\/i0.wp.com\/www.micoulou-photos.com\/wp-content\/uploads\/2020\/04\/DSC03316.jpg?resize=1536%2C1024&amp;ssl=1 1536w, https:\/\/i0.wp.com\/www.micoulou-photos.com\/wp-content\/uploads\/2020\/04\/DSC03316.jpg?w=1600&amp;ssl=1 1600w\" sizes=\"(max-width: 300px) 100vw, 300px\" data-attachment-id=\"6063\" data-permalink=\"https:\/\/www.micoulou-photos.com\/index.php\/2020\/04\/29\/love-room-royan\/dsc03316\/\" data-orig-file=\"https:\/\/i0.wp.com\/www.micoulou-photos.com\/wp-content\/uploads\/2020\/04\/DSC03316.jpg?fit=1800%2C1200&amp;ssl=1\" data-orig-size=\"1800,1200\" data-comments-opened=\"1\" data-image-meta=\"{&quot;aperture&quot;:&quot;0&quot;,&quot;credit&quot;:&quot;&quot;,&quot;camera&quot;:&quot;ILCE-7&quot;,&quot;caption&quot;:&quot;&quot;,&quot;created_timestamp&quot;:&quot;1567543454&quot;,&quot;copyright&quot;:&quot;&quot;,&quot;focal_length&quot;:&quot;0&quot;,&quot;iso&quot;:&quot;6400&quot;,&quot;shutter_speed&quot;:&quot;0.02&quot;,&quot;title&quot;:&quot;&quot;,&quot;orientation&quot;:&quot;0&quot;}\" data-image-title=\"DSC03316\" data-image-description=\"\" data-image-caption=\"\" data-large-file=\"https:\/\/i0.wp.com\/www.micoulou-photos.com\/wp-content\/uploads\/2020\/04\/DSC03316.jpg?fit=800%2C533&amp;ssl=1\" \/>\t\t<\/div>\n\t\t\t\t<div class=\"elementor-portfolio-item__overlay\">\n\t\t\t\t<h3 class=\"elementor-portfolio-item__title\">\n\t\tLove Room Royan\t\t<\/h3>\n\t\t\t\t<\/div>\n\t\t\t\t<\/a>\n\t\t<\/article>\n\t\t\t\t<article class=\"elementor-portfolio-item elementor-post  post-5525 post type-post status-publish format-standard has-post-thumbnail hentry category-hebergement category-reportage tag-chez-devalon tag-dordogne tag-gite tag-panasonic-lx100 tag-ricoh-gr tag-ricoh-gxr\" role=\"listitem\">\n\t\t\t<a class=\"elementor-post__thumbnail__link\" href=\"https:\/\/www.micoulou-photos.com\/index.php\/2020\/03\/28\/gite-chez-devalon\/\">\n\t\t\t\t<div class=\"elementor-portfolio-item__img elementor-post__thumbnail\">\n\t\t\t<img decoding=\"async\" data-attachment-id=\"5550\" data-permalink=\"https:\/\/www.micoulou-photos.com\/index.php\/2020\/03\/28\/gite-chez-devalon\/img_9549_dxo\/\" data-orig-file=\"https:\/\/i0.wp.com\/www.micoulou-photos.com\/wp-content\/uploads\/2020\/03\/IMG_9549_DxO.jpg?fit=1800%2C1200&amp;ssl=1\" data-orig-size=\"1800,1200\" data-comments-opened=\"1\" data-image-meta=\"{&quot;aperture&quot;:&quot;5.6&quot;,&quot;credit&quot;:&quot;unknown&quot;,&quot;camera&quot;:&quot;Canon EOS 400D DIGITAL&quot;,&quot;caption&quot;:&quot;&quot;,&quot;created_timestamp&quot;:&quot;1530054900&quot;,&quot;copyright&quot;:&quot;&quot;,&quot;focal_length&quot;:&quot;18&quot;,&quot;iso&quot;:&quot;100&quot;,&quot;shutter_speed&quot;:&quot;30&quot;,&quot;title&quot;:&quot;&quot;,&quot;orientation&quot;:&quot;1&quot;}\" data-image-title=\"Gite chez desvalon\" data-image-description=\"\" data-image-caption=\"\" data-large-file=\"https:\/\/i0.wp.com\/www.micoulou-photos.com\/wp-content\/uploads\/2020\/03\/IMG_9549_DxO.jpg?fit=800%2C533&amp;ssl=1\" width=\"300\" height=\"200\" src=\"https:\/\/i0.wp.com\/www.micoulou-photos.com\/wp-content\/uploads\/2020\/03\/IMG_9549_DxO.jpg?fit=300%2C200&amp;ssl=1\" class=\"attachment-medium size-medium wp-image-5550\" alt=\"\" srcset=\"https:\/\/i0.wp.com\/www.micoulou-photos.com\/wp-content\/uploads\/2020\/03\/IMG_9549_DxO.jpg?w=1800&amp;ssl=1 1800w, https:\/\/i0.wp.com\/www.micoulou-photos.com\/wp-content\/uploads\/2020\/03\/IMG_9549_DxO.jpg?resize=300%2C200&amp;ssl=1 300w, https:\/\/i0.wp.com\/www.micoulou-photos.com\/wp-content\/uploads\/2020\/03\/IMG_9549_DxO.jpg?resize=1200%2C800&amp;ssl=1 1200w, https:\/\/i0.wp.com\/www.micoulou-photos.com\/wp-content\/uploads\/2020\/03\/IMG_9549_DxO.jpg?resize=1536%2C1024&amp;ssl=1 1536w, https:\/\/i0.wp.com\/www.micoulou-photos.com\/wp-content\/uploads\/2020\/03\/IMG_9549_DxO.jpg?w=1600&amp;ssl=1 1600w\" sizes=\"(max-width: 300px) 100vw, 300px\" data-attachment-id=\"5550\" data-permalink=\"https:\/\/www.micoulou-photos.com\/index.php\/2020\/03\/28\/gite-chez-devalon\/img_9549_dxo\/\" data-orig-file=\"https:\/\/i0.wp.com\/www.micoulou-photos.com\/wp-content\/uploads\/2020\/03\/IMG_9549_DxO.jpg?fit=1800%2C1200&amp;ssl=1\" data-orig-size=\"1800,1200\" data-comments-opened=\"1\" data-image-meta=\"{&quot;aperture&quot;:&quot;5.6&quot;,&quot;credit&quot;:&quot;unknown&quot;,&quot;camera&quot;:&quot;Canon EOS 400D DIGITAL&quot;,&quot;caption&quot;:&quot;&quot;,&quot;created_timestamp&quot;:&quot;1530054900&quot;,&quot;copyright&quot;:&quot;&quot;,&quot;focal_length&quot;:&quot;18&quot;,&quot;iso&quot;:&quot;100&quot;,&quot;shutter_speed&quot;:&quot;30&quot;,&quot;title&quot;:&quot;&quot;,&quot;orientation&quot;:&quot;1&quot;}\" data-image-title=\"Gite chez desvalon\" data-image-description=\"\" data-image-caption=\"\" data-large-file=\"https:\/\/i0.wp.com\/www.micoulou-photos.com\/wp-content\/uploads\/2020\/03\/IMG_9549_DxO.jpg?fit=800%2C533&amp;ssl=1\" \/>\t\t<\/div>\n\t\t\t\t<div class=\"elementor-portfolio-item__overlay\">\n\t\t\t\t<h3 class=\"elementor-portfolio-item__title\">\n\t\tGite Chez Devalon\t\t<\/h3>\n\t\t\t\t<\/div>\n\t\t\t\t<\/a>\n\t\t<\/article>\n\t\t\t\t<article class=\"elementor-portfolio-item elementor-post  post-5103 post type-post status-publish format-standard has-post-thumbnail hentry category-hebergement category-reportage category-visite-virtuelle tag-dordogbe tag-gite tag-reportage tag-ricoh-gr tag-visite-virtuelle tag-vr\" role=\"listitem\">\n\t\t\t<a class=\"elementor-post__thumbnail__link\" href=\"https:\/\/www.micoulou-photos.com\/index.php\/2019\/09\/16\/la-petite-maison-gite\/\">\n\t\t\t\t<div class=\"elementor-portfolio-item__img elementor-post__thumbnail\">\n\t\t\t<img decoding=\"async\" data-attachment-id=\"5144\" data-permalink=\"https:\/\/www.micoulou-photos.com\/index.php\/2019\/09\/16\/la-petite-maison-gite\/mi131245\/\" data-orig-file=\"https:\/\/i0.wp.com\/www.micoulou-photos.com\/wp-content\/uploads\/2019\/05\/MI131245.jpg?fit=1811%2C1200&amp;ssl=1\" data-orig-size=\"1811,1200\" data-comments-opened=\"1\" data-image-meta=\"{&quot;aperture&quot;:&quot;5.6&quot;,&quot;credit&quot;:&quot;&quot;,&quot;camera&quot;:&quot;GR&quot;,&quot;caption&quot;:&quot;&quot;,&quot;created_timestamp&quot;:&quot;1529671248&quot;,&quot;copyright&quot;:&quot;MICKAEL_MINARIE&quot;,&quot;focal_length&quot;:&quot;13.7&quot;,&quot;iso&quot;:&quot;100&quot;,&quot;shutter_speed&quot;:&quot;0.005&quot;,&quot;title&quot;:&quot;&quot;,&quot;orientation&quot;:&quot;0&quot;}\" data-image-title=\"MI131245\" data-image-description=\"\" data-image-caption=\"\" data-large-file=\"https:\/\/i0.wp.com\/www.micoulou-photos.com\/wp-content\/uploads\/2019\/05\/MI131245.jpg?fit=800%2C530&amp;ssl=1\" width=\"300\" height=\"199\" src=\"https:\/\/i0.wp.com\/www.micoulou-photos.com\/wp-content\/uploads\/2019\/05\/MI131245.jpg?fit=300%2C199&amp;ssl=1\" class=\"attachment-medium size-medium wp-image-5144\" alt=\"\" srcset=\"https:\/\/i0.wp.com\/www.micoulou-photos.com\/wp-content\/uploads\/2019\/05\/MI131245.jpg?w=1811&amp;ssl=1 1811w, https:\/\/i0.wp.com\/www.micoulou-photos.com\/wp-content\/uploads\/2019\/05\/MI131245.jpg?resize=300%2C199&amp;ssl=1 300w, https:\/\/i0.wp.com\/www.micoulou-photos.com\/wp-content\/uploads\/2019\/05\/MI131245.jpg?resize=1200%2C795&amp;ssl=1 1200w, https:\/\/i0.wp.com\/www.micoulou-photos.com\/wp-content\/uploads\/2019\/05\/MI131245.jpg?resize=720%2C480&amp;ssl=1 720w, https:\/\/i0.wp.com\/www.micoulou-photos.com\/wp-content\/uploads\/2019\/05\/MI131245.jpg?w=1600&amp;ssl=1 1600w\" sizes=\"(max-width: 300px) 100vw, 300px\" data-attachment-id=\"5144\" data-permalink=\"https:\/\/www.micoulou-photos.com\/index.php\/2019\/09\/16\/la-petite-maison-gite\/mi131245\/\" data-orig-file=\"https:\/\/i0.wp.com\/www.micoulou-photos.com\/wp-content\/uploads\/2019\/05\/MI131245.jpg?fit=1811%2C1200&amp;ssl=1\" data-orig-size=\"1811,1200\" data-comments-opened=\"1\" data-image-meta=\"{&quot;aperture&quot;:&quot;5.6&quot;,&quot;credit&quot;:&quot;&quot;,&quot;camera&quot;:&quot;GR&quot;,&quot;caption&quot;:&quot;&quot;,&quot;created_timestamp&quot;:&quot;1529671248&quot;,&quot;copyright&quot;:&quot;MICKAEL_MINARIE&quot;,&quot;focal_length&quot;:&quot;13.7&quot;,&quot;iso&quot;:&quot;100&quot;,&quot;shutter_speed&quot;:&quot;0.005&quot;,&quot;title&quot;:&quot;&quot;,&quot;orientation&quot;:&quot;0&quot;}\" data-image-title=\"MI131245\" data-image-description=\"\" data-image-caption=\"\" data-large-file=\"https:\/\/i0.wp.com\/www.micoulou-photos.com\/wp-content\/uploads\/2019\/05\/MI131245.jpg?fit=800%2C530&amp;ssl=1\" \/>\t\t<\/div>\n\t\t\t\t<div class=\"elementor-portfolio-item__overlay\">\n\t\t\t\t<h3 class=\"elementor-portfolio-item__title\">\n\t\tLa petite maison Gite\t\t<\/h3>\n\t\t\t\t<\/div>\n\t\t\t\t<\/a>\n\t\t<\/article>\n\t\t\t\t<article class=\"elementor-portfolio-item elementor-post  post-5084 post type-post status-publish format-standard has-post-thumbnail hentry category-hebergement category-reportage tag-gite tag-prestation tag-provence tag-ricoh-gr tag-sony-a7 tag-sud-de-la-france tag-vaqueyras tag-vr\" role=\"listitem\">\n\t\t\t<a class=\"elementor-post__thumbnail__link\" href=\"https:\/\/www.micoulou-photos.com\/index.php\/2019\/05\/07\/gite-vacqueyras\/\">\n\t\t\t\t<div class=\"elementor-portfolio-item__img elementor-post__thumbnail\">\n\t\t\t<img loading=\"lazy\" decoding=\"async\" data-attachment-id=\"5097\" data-permalink=\"https:\/\/www.micoulou-photos.com\/index.php\/2019\/05\/07\/gite-vacqueyras\/mi130715\/\" data-orig-file=\"https:\/\/i0.wp.com\/www.micoulou-photos.com\/wp-content\/uploads\/2019\/05\/MI130715.jpg?fit=1811%2C1200&amp;ssl=1\" data-orig-size=\"1811,1200\" data-comments-opened=\"1\" data-image-meta=\"{&quot;aperture&quot;:&quot;5.6&quot;,&quot;credit&quot;:&quot;&quot;,&quot;camera&quot;:&quot;GR&quot;,&quot;caption&quot;:&quot;&quot;,&quot;created_timestamp&quot;:&quot;1526744370&quot;,&quot;copyright&quot;:&quot;MICKAEL_MINARIE&quot;,&quot;focal_length&quot;:&quot;18.3&quot;,&quot;iso&quot;:&quot;100&quot;,&quot;shutter_speed&quot;:&quot;0.0008&quot;,&quot;title&quot;:&quot;&quot;,&quot;orientation&quot;:&quot;0&quot;}\" data-image-title=\"MI130715\" data-image-description=\"\" data-image-caption=\"&lt;p&gt;Exterieur du gite&lt;\/p&gt;\n\" data-large-file=\"https:\/\/i0.wp.com\/www.micoulou-photos.com\/wp-content\/uploads\/2019\/05\/MI130715.jpg?fit=800%2C530&amp;ssl=1\" width=\"300\" height=\"199\" src=\"https:\/\/i0.wp.com\/www.micoulou-photos.com\/wp-content\/uploads\/2019\/05\/MI130715.jpg?fit=300%2C199&amp;ssl=1\" class=\"attachment-medium size-medium wp-image-5097\" alt=\"\" srcset=\"https:\/\/i0.wp.com\/www.micoulou-photos.com\/wp-content\/uploads\/2019\/05\/MI130715.jpg?w=1811&amp;ssl=1 1811w, https:\/\/i0.wp.com\/www.micoulou-photos.com\/wp-content\/uploads\/2019\/05\/MI130715.jpg?resize=300%2C199&amp;ssl=1 300w, https:\/\/i0.wp.com\/www.micoulou-photos.com\/wp-content\/uploads\/2019\/05\/MI130715.jpg?resize=1200%2C795&amp;ssl=1 1200w, https:\/\/i0.wp.com\/www.micoulou-photos.com\/wp-content\/uploads\/2019\/05\/MI130715.jpg?resize=720%2C480&amp;ssl=1 720w, https:\/\/i0.wp.com\/www.micoulou-photos.com\/wp-content\/uploads\/2019\/05\/MI130715.jpg?w=1600&amp;ssl=1 1600w\" sizes=\"(max-width: 300px) 100vw, 300px\" data-attachment-id=\"5097\" data-permalink=\"https:\/\/www.micoulou-photos.com\/index.php\/2019\/05\/07\/gite-vacqueyras\/mi130715\/\" data-orig-file=\"https:\/\/i0.wp.com\/www.micoulou-photos.com\/wp-content\/uploads\/2019\/05\/MI130715.jpg?fit=1811%2C1200&amp;ssl=1\" data-orig-size=\"1811,1200\" data-comments-opened=\"1\" data-image-meta=\"{&quot;aperture&quot;:&quot;5.6&quot;,&quot;credit&quot;:&quot;&quot;,&quot;camera&quot;:&quot;GR&quot;,&quot;caption&quot;:&quot;&quot;,&quot;created_timestamp&quot;:&quot;1526744370&quot;,&quot;copyright&quot;:&quot;MICKAEL_MINARIE&quot;,&quot;focal_length&quot;:&quot;18.3&quot;,&quot;iso&quot;:&quot;100&quot;,&quot;shutter_speed&quot;:&quot;0.0008&quot;,&quot;title&quot;:&quot;&quot;,&quot;orientation&quot;:&quot;0&quot;}\" data-image-title=\"MI130715\" data-image-description=\"\" data-image-caption=\"&lt;p&gt;Exterieur du gite&lt;\/p&gt;\n\" data-large-file=\"https:\/\/i0.wp.com\/www.micoulou-photos.com\/wp-content\/uploads\/2019\/05\/MI130715.jpg?fit=800%2C530&amp;ssl=1\" \/>\t\t<\/div>\n\t\t\t\t<div class=\"elementor-portfolio-item__overlay\">\n\t\t\t\t<h3 class=\"elementor-portfolio-item__title\">\n\t\tGite Vacqueyras\t\t<\/h3>\n\t\t\t\t<\/div>\n\t\t\t\t<\/a>\n\t\t<\/article>\n\t\t\t\t<article class=\"elementor-portfolio-item elementor-post  post-5039 post type-post status-publish format-standard has-post-thumbnail hentry category-hebergement category-reportage category-visite-virtuelle\" role=\"listitem\">\n\t\t\t<a class=\"elementor-post__thumbnail__link\" href=\"https:\/\/www.micoulou-photos.com\/index.php\/2019\/05\/07\/tour-st-jacques-deysus\/\">\n\t\t\t\t<div class=\"elementor-portfolio-item__img elementor-post__thumbnail\">\n\t\t\t<img loading=\"lazy\" decoding=\"async\" data-attachment-id=\"5058\" data-permalink=\"https:\/\/www.micoulou-photos.com\/index.php\/2019\/05\/07\/tour-st-jacques-deysus\/group-10-brust_0_brust_9-27-images-2\/\" data-orig-file=\"https:\/\/i0.wp.com\/www.micoulou-photos.com\/wp-content\/uploads\/2019\/05\/Group-10-brust_0_brust_9-27-images-1.jpg?fit=1200%2C481&amp;ssl=1\" data-orig-size=\"1200,481\" data-comments-opened=\"1\" data-image-meta=\"{&quot;aperture&quot;:&quot;0&quot;,&quot;credit&quot;:&quot;&quot;,&quot;camera&quot;:&quot;iPhone SE&quot;,&quot;caption&quot;:&quot;&quot;,&quot;created_timestamp&quot;:&quot;0&quot;,&quot;copyright&quot;:&quot;&quot;,&quot;focal_length&quot;:&quot;0&quot;,&quot;iso&quot;:&quot;0&quot;,&quot;shutter_speed&quot;:&quot;0&quot;,&quot;title&quot;:&quot;&quot;,&quot;orientation&quot;:&quot;1&quot;}\" data-image-title=\"[Group 10]-brust_0_brust_9-27 images\" data-image-description=\"\" data-image-caption=\"\" data-large-file=\"https:\/\/i0.wp.com\/www.micoulou-photos.com\/wp-content\/uploads\/2019\/05\/Group-10-brust_0_brust_9-27-images-1.jpg?fit=800%2C321&amp;ssl=1\" width=\"300\" height=\"120\" src=\"https:\/\/i0.wp.com\/www.micoulou-photos.com\/wp-content\/uploads\/2019\/05\/Group-10-brust_0_brust_9-27-images-1.jpg?fit=300%2C120&amp;ssl=1\" class=\"attachment-medium size-medium wp-image-5058\" alt=\"\" srcset=\"https:\/\/i0.wp.com\/www.micoulou-photos.com\/wp-content\/uploads\/2019\/05\/Group-10-brust_0_brust_9-27-images-1.jpg?w=1200&amp;ssl=1 1200w, https:\/\/i0.wp.com\/www.micoulou-photos.com\/wp-content\/uploads\/2019\/05\/Group-10-brust_0_brust_9-27-images-1.jpg?resize=300%2C120&amp;ssl=1 300w\" sizes=\"(max-width: 300px) 100vw, 300px\" data-attachment-id=\"5058\" data-permalink=\"https:\/\/www.micoulou-photos.com\/index.php\/2019\/05\/07\/tour-st-jacques-deysus\/group-10-brust_0_brust_9-27-images-2\/\" data-orig-file=\"https:\/\/i0.wp.com\/www.micoulou-photos.com\/wp-content\/uploads\/2019\/05\/Group-10-brust_0_brust_9-27-images-1.jpg?fit=1200%2C481&amp;ssl=1\" data-orig-size=\"1200,481\" data-comments-opened=\"1\" data-image-meta=\"{&quot;aperture&quot;:&quot;0&quot;,&quot;credit&quot;:&quot;&quot;,&quot;camera&quot;:&quot;iPhone SE&quot;,&quot;caption&quot;:&quot;&quot;,&quot;created_timestamp&quot;:&quot;0&quot;,&quot;copyright&quot;:&quot;&quot;,&quot;focal_length&quot;:&quot;0&quot;,&quot;iso&quot;:&quot;0&quot;,&quot;shutter_speed&quot;:&quot;0&quot;,&quot;title&quot;:&quot;&quot;,&quot;orientation&quot;:&quot;1&quot;}\" data-image-title=\"[Group 10]-brust_0_brust_9-27 images\" data-image-description=\"\" data-image-caption=\"\" data-large-file=\"https:\/\/i0.wp.com\/www.micoulou-photos.com\/wp-content\/uploads\/2019\/05\/Group-10-brust_0_brust_9-27-images-1.jpg?fit=800%2C321&amp;ssl=1\" \/>\t\t<\/div>\n\t\t\t\t<div class=\"elementor-portfolio-item__overlay\">\n\t\t\t\t<h3 class=\"elementor-portfolio-item__title\">\n\t\tTour St Jacques d&rsquo;Eysus\t\t<\/h3>\n\t\t\t\t<\/div>\n\t\t\t\t<\/a>\n\t\t<\/article>\n\t\t\t\t<article class=\"elementor-portfolio-item elementor-post  post-3902 post type-post status-publish format-standard has-post-thumbnail hentry category-alternatives-ecologique category-hebergement category-reportage category-visite-virtuelle tag-chamvre tag-chaux tag-consrtuction tag-ecoconstruction tag-kerterre tag-paille tag-ricoh-gr tag-ricoh-gxr tag-vacqueras\" role=\"listitem\">\n\t\t\t<a class=\"elementor-post__thumbnail__link\" href=\"https:\/\/www.micoulou-photos.com\/index.php\/2017\/12\/02\/kerterre-de-mateo-partie-2\/\">\n\t\t\t\t<div class=\"elementor-portfolio-item__img elementor-post__thumbnail\">\n\t\t\t<img loading=\"lazy\" decoding=\"async\" data-attachment-id=\"3920\" data-permalink=\"https:\/\/www.micoulou-photos.com\/index.php\/2017\/12\/02\/kerterre-de-mateo-partie-2\/r0011633\/\" data-orig-file=\"https:\/\/i0.wp.com\/www.micoulou-photos.com\/wp-content\/uploads\/2017\/12\/R0011633.jpg?fit=1600%2C1067&amp;ssl=1\" data-orig-size=\"1600,1067\" data-comments-opened=\"1\" data-image-meta=\"{&quot;aperture&quot;:&quot;3.6&quot;,&quot;credit&quot;:&quot;&quot;,&quot;camera&quot;:&quot;GXR S10&quot;,&quot;caption&quot;:&quot;&quot;,&quot;created_timestamp&quot;:&quot;1511978663&quot;,&quot;copyright&quot;:&quot;MICKAEL MINARIE&quot;,&quot;focal_length&quot;:&quot;5.1&quot;,&quot;iso&quot;:&quot;228&quot;,&quot;shutter_speed&quot;:&quot;0.033333333333333&quot;,&quot;title&quot;:&quot;&quot;,&quot;orientation&quot;:&quot;0&quot;}\" data-image-title=\"R0011633\" data-image-description=\"\" data-image-caption=\"\" data-large-file=\"https:\/\/i0.wp.com\/www.micoulou-photos.com\/wp-content\/uploads\/2017\/12\/R0011633.jpg?fit=800%2C533&amp;ssl=1\" width=\"300\" height=\"200\" src=\"https:\/\/i0.wp.com\/www.micoulou-photos.com\/wp-content\/uploads\/2017\/12\/R0011633.jpg?fit=300%2C200&amp;ssl=1\" class=\"attachment-medium size-medium wp-image-3920\" alt=\"\" srcset=\"https:\/\/i0.wp.com\/www.micoulou-photos.com\/wp-content\/uploads\/2017\/12\/R0011633.jpg?w=1600&amp;ssl=1 1600w, https:\/\/i0.wp.com\/www.micoulou-photos.com\/wp-content\/uploads\/2017\/12\/R0011633.jpg?resize=300%2C200&amp;ssl=1 300w, https:\/\/i0.wp.com\/www.micoulou-photos.com\/wp-content\/uploads\/2017\/12\/R0011633.jpg?resize=1200%2C800&amp;ssl=1 1200w, https:\/\/i0.wp.com\/www.micoulou-photos.com\/wp-content\/uploads\/2017\/12\/R0011633.jpg?resize=960%2C640&amp;ssl=1 960w, https:\/\/i0.wp.com\/www.micoulou-photos.com\/wp-content\/uploads\/2017\/12\/R0011633.jpg?resize=272%2C182&amp;ssl=1 272w\" sizes=\"(max-width: 300px) 100vw, 300px\" data-attachment-id=\"3920\" data-permalink=\"https:\/\/www.micoulou-photos.com\/index.php\/2017\/12\/02\/kerterre-de-mateo-partie-2\/r0011633\/\" data-orig-file=\"https:\/\/i0.wp.com\/www.micoulou-photos.com\/wp-content\/uploads\/2017\/12\/R0011633.jpg?fit=1600%2C1067&amp;ssl=1\" data-orig-size=\"1600,1067\" data-comments-opened=\"1\" data-image-meta=\"{&quot;aperture&quot;:&quot;3.6&quot;,&quot;credit&quot;:&quot;&quot;,&quot;camera&quot;:&quot;GXR S10&quot;,&quot;caption&quot;:&quot;&quot;,&quot;created_timestamp&quot;:&quot;1511978663&quot;,&quot;copyright&quot;:&quot;MICKAEL MINARIE&quot;,&quot;focal_length&quot;:&quot;5.1&quot;,&quot;iso&quot;:&quot;228&quot;,&quot;shutter_speed&quot;:&quot;0.033333333333333&quot;,&quot;title&quot;:&quot;&quot;,&quot;orientation&quot;:&quot;0&quot;}\" data-image-title=\"R0011633\" data-image-description=\"\" data-image-caption=\"\" data-large-file=\"https:\/\/i0.wp.com\/www.micoulou-photos.com\/wp-content\/uploads\/2017\/12\/R0011633.jpg?fit=800%2C533&amp;ssl=1\" \/>\t\t<\/div>\n\t\t\t\t<div class=\"elementor-portfolio-item__overlay\">\n\t\t\t\t<h3 class=\"elementor-portfolio-item__title\">\n\t\tKerterre de Mateo&#8230; Partie 2\t\t<\/h3>\n\t\t\t\t<\/div>\n\t\t\t\t<\/a>\n\t\t<\/article>\n\t\t\t\t<article class=\"elementor-portfolio-item elementor-post  post-3683 post type-post status-publish format-standard has-post-thumbnail hentry category-alternatives-ecologique category-hebergement category-reportage category-visite-virtuelle tag-360-phots tag-bois tag-construction tag-ecoconstruction tag-tipis tag-vr tag-wood-construction\" role=\"listitem\">\n\t\t\t<a class=\"elementor-post__thumbnail__link\" href=\"https:\/\/www.micoulou-photos.com\/index.php\/2017\/10\/19\/les-tipis-de-quirky-camping\/\">\n\t\t\t\t<div class=\"elementor-portfolio-item__img elementor-post__thumbnail\">\n\t\t\t<img loading=\"lazy\" decoding=\"async\" data-attachment-id=\"3702\" data-permalink=\"https:\/\/www.micoulou-photos.com\/index.php\/2017\/10\/19\/les-tipis-de-quirky-camping\/mi110404\/\" data-orig-file=\"https:\/\/i0.wp.com\/www.micoulou-photos.com\/wp-content\/uploads\/2017\/10\/MI110404.jpg?fit=1920%2C1080&amp;ssl=1\" data-orig-size=\"1920,1080\" data-comments-opened=\"1\" data-image-meta=\"{&quot;aperture&quot;:&quot;0&quot;,&quot;credit&quot;:&quot;&quot;,&quot;camera&quot;:&quot;&quot;,&quot;caption&quot;:&quot;&quot;,&quot;created_timestamp&quot;:&quot;1505858485&quot;,&quot;copyright&quot;:&quot;MICKAEL_MINARIE&quot;,&quot;focal_length&quot;:&quot;0&quot;,&quot;iso&quot;:&quot;0&quot;,&quot;shutter_speed&quot;:&quot;0&quot;,&quot;title&quot;:&quot;&quot;,&quot;orientation&quot;:&quot;0&quot;}\" data-image-title=\"MI110404\" data-image-description=\"\" data-image-caption=\"\" data-large-file=\"https:\/\/i0.wp.com\/www.micoulou-photos.com\/wp-content\/uploads\/2017\/10\/MI110404.jpg?fit=800%2C450&amp;ssl=1\" width=\"300\" height=\"169\" src=\"https:\/\/i0.wp.com\/www.micoulou-photos.com\/wp-content\/uploads\/2017\/10\/MI110404.jpg?fit=300%2C169&amp;ssl=1\" class=\"attachment-medium size-medium wp-image-3702\" alt=\"\" srcset=\"https:\/\/i0.wp.com\/www.micoulou-photos.com\/wp-content\/uploads\/2017\/10\/MI110404.jpg?w=1920&amp;ssl=1 1920w, https:\/\/i0.wp.com\/www.micoulou-photos.com\/wp-content\/uploads\/2017\/10\/MI110404.jpg?resize=300%2C169&amp;ssl=1 300w, https:\/\/i0.wp.com\/www.micoulou-photos.com\/wp-content\/uploads\/2017\/10\/MI110404.jpg?resize=1200%2C675&amp;ssl=1 1200w, https:\/\/i0.wp.com\/www.micoulou-photos.com\/wp-content\/uploads\/2017\/10\/MI110404.jpg?resize=960%2C540&amp;ssl=1 960w, https:\/\/i0.wp.com\/www.micoulou-photos.com\/wp-content\/uploads\/2017\/10\/MI110404.jpg?resize=1600%2C900&amp;ssl=1 1600w\" sizes=\"(max-width: 300px) 100vw, 300px\" data-attachment-id=\"3702\" data-permalink=\"https:\/\/www.micoulou-photos.com\/index.php\/2017\/10\/19\/les-tipis-de-quirky-camping\/mi110404\/\" data-orig-file=\"https:\/\/i0.wp.com\/www.micoulou-photos.com\/wp-content\/uploads\/2017\/10\/MI110404.jpg?fit=1920%2C1080&amp;ssl=1\" data-orig-size=\"1920,1080\" data-comments-opened=\"1\" data-image-meta=\"{&quot;aperture&quot;:&quot;0&quot;,&quot;credit&quot;:&quot;&quot;,&quot;camera&quot;:&quot;&quot;,&quot;caption&quot;:&quot;&quot;,&quot;created_timestamp&quot;:&quot;1505858485&quot;,&quot;copyright&quot;:&quot;MICKAEL_MINARIE&quot;,&quot;focal_length&quot;:&quot;0&quot;,&quot;iso&quot;:&quot;0&quot;,&quot;shutter_speed&quot;:&quot;0&quot;,&quot;title&quot;:&quot;&quot;,&quot;orientation&quot;:&quot;0&quot;}\" data-image-title=\"MI110404\" data-image-description=\"\" data-image-caption=\"\" data-large-file=\"https:\/\/i0.wp.com\/www.micoulou-photos.com\/wp-content\/uploads\/2017\/10\/MI110404.jpg?fit=800%2C450&amp;ssl=1\" \/>\t\t<\/div>\n\t\t\t\t<div class=\"elementor-portfolio-item__overlay\">\n\t\t\t\t<h3 class=\"elementor-portfolio-item__title\">\n\t\tLes Tipis de Quirky Camping\t\t<\/h3>\n\t\t\t\t<\/div>\n\t\t\t\t<\/a>\n\t\t<\/article>\n\t\t\t\t<article class=\"elementor-portfolio-item elementor-post  post-3570 post type-post status-publish format-standard has-post-thumbnail hentry category-alternatives-ecologique category-hebergement category-reportage category-visite-virtuelle tag-160 tag-bretagne tag-chanvre tag-chaux tag-kerterre\" role=\"listitem\">\n\t\t\t<a class=\"elementor-post__thumbnail__link\" href=\"https:\/\/www.micoulou-photos.com\/index.php\/2017\/09\/27\/la-kerbulle\/\">\n\t\t\t\t<div class=\"elementor-portfolio-item__img elementor-post__thumbnail\">\n\t\t\t<img loading=\"lazy\" decoding=\"async\" data-attachment-id=\"3578\" data-permalink=\"https:\/\/www.micoulou-photos.com\/index.php\/2017\/09\/27\/la-kerbulle\/group-2-img_2575_img_2598-24-images\/\" data-orig-file=\"https:\/\/i0.wp.com\/www.micoulou-photos.com\/wp-content\/uploads\/2017\/09\/Group-2-IMG_2575_IMG_2598-24-images.jpg?fit=1568%2C1200&amp;ssl=1\" data-orig-size=\"1568,1200\" data-comments-opened=\"1\" data-image-meta=\"{&quot;aperture&quot;:&quot;4&quot;,&quot;credit&quot;:&quot;&quot;,&quot;camera&quot;:&quot;Canon PowerShot S95&quot;,&quot;caption&quot;:&quot;&quot;,&quot;created_timestamp&quot;:&quot;1495122425&quot;,&quot;copyright&quot;:&quot;&quot;,&quot;focal_length&quot;:&quot;6&quot;,&quot;iso&quot;:&quot;80&quot;,&quot;shutter_speed&quot;:&quot;0.01&quot;,&quot;title&quot;:&quot;&quot;,&quot;orientation&quot;:&quot;1&quot;}\" data-image-title=\"[Group 2]-IMG_2575_IMG_2598-24 images\" data-image-description=\"\" data-image-caption=\"\" data-large-file=\"https:\/\/i0.wp.com\/www.micoulou-photos.com\/wp-content\/uploads\/2017\/09\/Group-2-IMG_2575_IMG_2598-24-images.jpg?fit=800%2C612&amp;ssl=1\" width=\"300\" height=\"230\" src=\"https:\/\/i0.wp.com\/www.micoulou-photos.com\/wp-content\/uploads\/2017\/09\/Group-2-IMG_2575_IMG_2598-24-images.jpg?fit=300%2C230&amp;ssl=1\" class=\"attachment-medium size-medium wp-image-3578\" alt=\"\" srcset=\"https:\/\/i0.wp.com\/www.micoulou-photos.com\/wp-content\/uploads\/2017\/09\/Group-2-IMG_2575_IMG_2598-24-images.jpg?w=1568&amp;ssl=1 1568w, https:\/\/i0.wp.com\/www.micoulou-photos.com\/wp-content\/uploads\/2017\/09\/Group-2-IMG_2575_IMG_2598-24-images.jpg?resize=300%2C230&amp;ssl=1 300w, https:\/\/i0.wp.com\/www.micoulou-photos.com\/wp-content\/uploads\/2017\/09\/Group-2-IMG_2575_IMG_2598-24-images.jpg?resize=1200%2C918&amp;ssl=1 1200w, https:\/\/i0.wp.com\/www.micoulou-photos.com\/wp-content\/uploads\/2017\/09\/Group-2-IMG_2575_IMG_2598-24-images.jpg?resize=960%2C735&amp;ssl=1 960w, https:\/\/i0.wp.com\/www.micoulou-photos.com\/wp-content\/uploads\/2017\/09\/Group-2-IMG_2575_IMG_2598-24-images.jpg?resize=1600%2C1224&amp;ssl=1 1600w\" sizes=\"(max-width: 300px) 100vw, 300px\" data-attachment-id=\"3578\" data-permalink=\"https:\/\/www.micoulou-photos.com\/index.php\/2017\/09\/27\/la-kerbulle\/group-2-img_2575_img_2598-24-images\/\" data-orig-file=\"https:\/\/i0.wp.com\/www.micoulou-photos.com\/wp-content\/uploads\/2017\/09\/Group-2-IMG_2575_IMG_2598-24-images.jpg?fit=1568%2C1200&amp;ssl=1\" data-orig-size=\"1568,1200\" data-comments-opened=\"1\" data-image-meta=\"{&quot;aperture&quot;:&quot;4&quot;,&quot;credit&quot;:&quot;&quot;,&quot;camera&quot;:&quot;Canon PowerShot S95&quot;,&quot;caption&quot;:&quot;&quot;,&quot;created_timestamp&quot;:&quot;1495122425&quot;,&quot;copyright&quot;:&quot;&quot;,&quot;focal_length&quot;:&quot;6&quot;,&quot;iso&quot;:&quot;80&quot;,&quot;shutter_speed&quot;:&quot;0.01&quot;,&quot;title&quot;:&quot;&quot;,&quot;orientation&quot;:&quot;1&quot;}\" data-image-title=\"[Group 2]-IMG_2575_IMG_2598-24 images\" data-image-description=\"\" data-image-caption=\"\" data-large-file=\"https:\/\/i0.wp.com\/www.micoulou-photos.com\/wp-content\/uploads\/2017\/09\/Group-2-IMG_2575_IMG_2598-24-images.jpg?fit=800%2C612&amp;ssl=1\" \/>\t\t<\/div>\n\t\t\t\t<div class=\"elementor-portfolio-item__overlay\">\n\t\t\t\t<h3 class=\"elementor-portfolio-item__title\">\n\t\tLa kerbulle\t\t<\/h3>\n\t\t\t\t<\/div>\n\t\t\t\t<\/a>\n\t\t<\/article>\n\t\t\t\t<article class=\"elementor-portfolio-item elementor-post  post-3377 post type-post status-publish format-standard has-post-thumbnail hentry category-alternatives-ecologique category-hebergement category-reportage category-visite-virtuelle tag-argile tag-bretagne tag-chanvre tag-chaux tag-ecoconstruction tag-evelyne-adam tag-ker-terre tag-kerterre\" role=\"listitem\">\n\t\t\t<a class=\"elementor-post__thumbnail__link\" href=\"https:\/\/www.micoulou-photos.com\/index.php\/2017\/07\/20\/la-construction-des-kerterres\/\">\n\t\t\t\t<div class=\"elementor-portfolio-item__img elementor-post__thumbnail\">\n\t\t\t<img loading=\"lazy\" decoding=\"async\" data-attachment-id=\"3460\" data-permalink=\"https:\/\/www.micoulou-photos.com\/index.php\/2017\/07\/20\/la-construction-des-kerterres\/mi055127\/\" data-orig-file=\"https:\/\/i0.wp.com\/www.micoulou-photos.com\/wp-content\/uploads\/2017\/07\/MI055127.jpg?fit=1812%2C1200&amp;ssl=1\" data-orig-size=\"1812,1200\" data-comments-opened=\"1\" data-image-meta=\"{&quot;aperture&quot;:&quot;2.8&quot;,&quot;credit&quot;:&quot;&quot;,&quot;camera&quot;:&quot;GR&quot;,&quot;caption&quot;:&quot;&quot;,&quot;created_timestamp&quot;:&quot;1495229609&quot;,&quot;copyright&quot;:&quot;MICKAEL_MINARIE&quot;,&quot;focal_length&quot;:&quot;18.3&quot;,&quot;iso&quot;:&quot;1000&quot;,&quot;shutter_speed&quot;:&quot;0.033333333333333&quot;,&quot;title&quot;:&quot;&quot;,&quot;orientation&quot;:&quot;0&quot;}\" data-image-title=\"MI055127\" data-image-description=\"\" data-image-caption=\"\" data-large-file=\"https:\/\/i0.wp.com\/www.micoulou-photos.com\/wp-content\/uploads\/2017\/07\/MI055127.jpg?fit=800%2C530&amp;ssl=1\" width=\"300\" height=\"199\" src=\"https:\/\/i0.wp.com\/www.micoulou-photos.com\/wp-content\/uploads\/2017\/07\/MI055127.jpg?fit=300%2C199&amp;ssl=1\" class=\"attachment-medium size-medium wp-image-3460\" alt=\"\" srcset=\"https:\/\/i0.wp.com\/www.micoulou-photos.com\/wp-content\/uploads\/2017\/07\/MI055127.jpg?w=1812&amp;ssl=1 1812w, https:\/\/i0.wp.com\/www.micoulou-photos.com\/wp-content\/uploads\/2017\/07\/MI055127.jpg?resize=300%2C199&amp;ssl=1 300w, https:\/\/i0.wp.com\/www.micoulou-photos.com\/wp-content\/uploads\/2017\/07\/MI055127.jpg?resize=1200%2C795&amp;ssl=1 1200w, https:\/\/i0.wp.com\/www.micoulou-photos.com\/wp-content\/uploads\/2017\/07\/MI055127.jpg?resize=960%2C636&amp;ssl=1 960w, https:\/\/i0.wp.com\/www.micoulou-photos.com\/wp-content\/uploads\/2017\/07\/MI055127.jpg?resize=1600%2C1060&amp;ssl=1 1600w\" sizes=\"(max-width: 300px) 100vw, 300px\" data-attachment-id=\"3460\" data-permalink=\"https:\/\/www.micoulou-photos.com\/index.php\/2017\/07\/20\/la-construction-des-kerterres\/mi055127\/\" data-orig-file=\"https:\/\/i0.wp.com\/www.micoulou-photos.com\/wp-content\/uploads\/2017\/07\/MI055127.jpg?fit=1812%2C1200&amp;ssl=1\" data-orig-size=\"1812,1200\" data-comments-opened=\"1\" data-image-meta=\"{&quot;aperture&quot;:&quot;2.8&quot;,&quot;credit&quot;:&quot;&quot;,&quot;camera&quot;:&quot;GR&quot;,&quot;caption&quot;:&quot;&quot;,&quot;created_timestamp&quot;:&quot;1495229609&quot;,&quot;copyright&quot;:&quot;MICKAEL_MINARIE&quot;,&quot;focal_length&quot;:&quot;18.3&quot;,&quot;iso&quot;:&quot;1000&quot;,&quot;shutter_speed&quot;:&quot;0.033333333333333&quot;,&quot;title&quot;:&quot;&quot;,&quot;orientation&quot;:&quot;0&quot;}\" data-image-title=\"MI055127\" data-image-description=\"\" data-image-caption=\"\" data-large-file=\"https:\/\/i0.wp.com\/www.micoulou-photos.com\/wp-content\/uploads\/2017\/07\/MI055127.jpg?fit=800%2C530&amp;ssl=1\" \/>\t\t<\/div>\n\t\t\t\t<div class=\"elementor-portfolio-item__overlay\">\n\t\t\t\t<h3 class=\"elementor-portfolio-item__title\">\n\t\tLa construction des kerterres\t\t<\/h3>\n\t\t\t\t<\/div>\n\t\t\t\t<\/a>\n\t\t<\/article>\n\t\t\t\t<\/div>\n\t\t\t\t\t\t<\/div>\n\t\t\t\t<\/div>\n\t\t\t\t\t<\/div>\n\t\t<\/div>\n\t\t\t\t\t<\/div>\n\t\t<\/section>\n\t\t\t\t<\/div>\n\t\t","protected":false},"excerpt":{"rendered":"<p>Reportage 360\u00b0 \/ VR R\u00e9alisez un reportage complet sur votre propri\u00e9t\u00e9. Je mets en valeur gr\u00e2ce \u00e0 la r\u00e9alisation d&rsquo;images 360\u00b0 et de vid\u00e9o les lieux int\u00e9ressants. Vos clients pourront ainsi voir les lieux tels qu&rsquo;ils sont. Le reportage peut contenir un ensemble de photos du lieu, des Visites virtuelles que je peux vous aider [&hellip;]<\/p>\n","protected":false},"author":1,"featured_media":0,"parent":0,"menu_order":0,"comment_status":"closed","ping_status":"closed","template":"","meta":{"jetpack_post_was_ever_published":false,"footnotes":""},"class_list":["post-7898","page","type-page","status-publish","hentry"],"yoast_head":"<!-- This site is optimized with the Yoast SEO plugin v27.5 - https:\/\/yoast.com\/product\/yoast-seo-wordpress\/ -->\n<title>Les visites virtuelles VR 360\u00b0 - Micoulou Photographie<\/title>\n<meta name=\"robots\" content=\"index, follow, max-snippet:-1, max-image-preview:large, max-video-preview:-1\" \/>\n<link rel=\"canonical\" href=\"https:\/\/www.micoulou-photos.com\/index.php\/les-visites-virtuelles-vr-360\/\" \/>\n<meta property=\"og:locale\" content=\"fr_FR\" \/>\n<meta property=\"og:type\" content=\"article\" \/>\n<meta property=\"og:title\" content=\"Les visites virtuelles VR 360\u00b0 - Micoulou Photographie\" \/>\n<meta property=\"og:description\" content=\"Reportage 360\u00b0 \/ VR R\u00e9alisez un reportage complet sur votre propri\u00e9t\u00e9. Je mets en valeur gr\u00e2ce \u00e0 la r\u00e9alisation d&rsquo;images 360\u00b0 et de vid\u00e9o les lieux int\u00e9ressants. Vos clients pourront ainsi voir les lieux tels qu&rsquo;ils sont. Le reportage peut contenir un ensemble de photos du lieu, des Visites virtuelles que je peux vous aider [&hellip;]\" \/>\n<meta property=\"og:url\" content=\"https:\/\/www.micoulou-photos.com\/index.php\/les-visites-virtuelles-vr-360\/\" \/>\n<meta property=\"og:site_name\" content=\"Micoulou Photographie\" \/>\n<meta property=\"article:modified_time\" content=\"2024-10-27T19:48:48+00:00\" \/>\n<meta name=\"twitter:card\" content=\"summary_large_image\" \/>\n<meta name=\"twitter:label1\" content=\"Dur\u00e9e de lecture estim\u00e9e\" \/>\n\t<meta name=\"twitter:data1\" content=\"3 minutes\" \/>\n<script type=\"application\/ld+json\" class=\"yoast-schema-graph\">{\"@context\":\"https:\\\/\\\/schema.org\",\"@graph\":[{\"@type\":\"WebPage\",\"@id\":\"https:\\\/\\\/www.micoulou-photos.com\\\/index.php\\\/les-visites-virtuelles-vr-360\\\/\",\"url\":\"https:\\\/\\\/www.micoulou-photos.com\\\/index.php\\\/les-visites-virtuelles-vr-360\\\/\",\"name\":\"Les visites virtuelles VR 360\u00b0 - Micoulou Photographie\",\"isPartOf\":{\"@id\":\"https:\\\/\\\/www.micoulou-photos.com\\\/#website\"},\"datePublished\":\"2024-10-27T14:31:19+00:00\",\"dateModified\":\"2024-10-27T19:48:48+00:00\",\"breadcrumb\":{\"@id\":\"https:\\\/\\\/www.micoulou-photos.com\\\/index.php\\\/les-visites-virtuelles-vr-360\\\/#breadcrumb\"},\"inLanguage\":\"fr-FR\",\"potentialAction\":[{\"@type\":\"ReadAction\",\"target\":[\"https:\\\/\\\/www.micoulou-photos.com\\\/index.php\\\/les-visites-virtuelles-vr-360\\\/\"]}]},{\"@type\":\"BreadcrumbList\",\"@id\":\"https:\\\/\\\/www.micoulou-photos.com\\\/index.php\\\/les-visites-virtuelles-vr-360\\\/#breadcrumb\",\"itemListElement\":[{\"@type\":\"ListItem\",\"position\":1,\"name\":\"Accueil\",\"item\":\"https:\\\/\\\/www.micoulou-photos.com\\\/\"},{\"@type\":\"ListItem\",\"position\":2,\"name\":\"Les visites virtuelles VR 360\u00b0\"}]},{\"@type\":\"WebSite\",\"@id\":\"https:\\\/\\\/www.micoulou-photos.com\\\/#website\",\"url\":\"https:\\\/\\\/www.micoulou-photos.com\\\/\",\"name\":\"Micoulou Photographie\",\"description\":\"Photographies, Visites virtuelles et formations par Mickael Minarie\",\"publisher\":{\"@id\":\"https:\\\/\\\/www.micoulou-photos.com\\\/#organization\"},\"potentialAction\":[{\"@type\":\"SearchAction\",\"target\":{\"@type\":\"EntryPoint\",\"urlTemplate\":\"https:\\\/\\\/www.micoulou-photos.com\\\/?s={search_term_string}\"},\"query-input\":{\"@type\":\"PropertyValueSpecification\",\"valueRequired\":true,\"valueName\":\"search_term_string\"}}],\"inLanguage\":\"fr-FR\"},{\"@type\":\"Organization\",\"@id\":\"https:\\\/\\\/www.micoulou-photos.com\\\/#organization\",\"name\":\"Micoulou Photographie\",\"url\":\"https:\\\/\\\/www.micoulou-photos.com\\\/\",\"logo\":{\"@type\":\"ImageObject\",\"inLanguage\":\"fr-FR\",\"@id\":\"https:\\\/\\\/www.micoulou-photos.com\\\/#\\\/schema\\\/logo\\\/image\\\/\",\"url\":\"https:\\\/\\\/i0.wp.com\\\/www.micoulou-photos.com\\\/wp-content\\\/uploads\\\/2020\\\/05\\\/cropped-891667_552097324824916_1615181552_o-1.jpg?fit=643%2C722&ssl=1\",\"contentUrl\":\"https:\\\/\\\/i0.wp.com\\\/www.micoulou-photos.com\\\/wp-content\\\/uploads\\\/2020\\\/05\\\/cropped-891667_552097324824916_1615181552_o-1.jpg?fit=643%2C722&ssl=1\",\"width\":643,\"height\":722,\"caption\":\"Micoulou Photographie\"},\"image\":{\"@id\":\"https:\\\/\\\/www.micoulou-photos.com\\\/#\\\/schema\\\/logo\\\/image\\\/\"}}]}<\/script>\n<!-- \/ Yoast SEO plugin. -->","yoast_head_json":{"title":"Les visites virtuelles VR 360\u00b0 - Micoulou Photographie","robots":{"index":"index","follow":"follow","max-snippet":"max-snippet:-1","max-image-preview":"max-image-preview:large","max-video-preview":"max-video-preview:-1"},"canonical":"https:\/\/www.micoulou-photos.com\/index.php\/les-visites-virtuelles-vr-360\/","og_locale":"fr_FR","og_type":"article","og_title":"Les visites virtuelles VR 360\u00b0 - Micoulou Photographie","og_description":"Reportage 360\u00b0 \/ VR R\u00e9alisez un reportage complet sur votre propri\u00e9t\u00e9. Je mets en valeur gr\u00e2ce \u00e0 la r\u00e9alisation d&rsquo;images 360\u00b0 et de vid\u00e9o les lieux int\u00e9ressants. Vos clients pourront ainsi voir les lieux tels qu&rsquo;ils sont. Le reportage peut contenir un ensemble de photos du lieu, des Visites virtuelles que je peux vous aider [&hellip;]","og_url":"https:\/\/www.micoulou-photos.com\/index.php\/les-visites-virtuelles-vr-360\/","og_site_name":"Micoulou Photographie","article_modified_time":"2024-10-27T19:48:48+00:00","twitter_card":"summary_large_image","twitter_misc":{"Dur\u00e9e de lecture estim\u00e9e":"3 minutes"},"schema":{"@context":"https:\/\/schema.org","@graph":[{"@type":"WebPage","@id":"https:\/\/www.micoulou-photos.com\/index.php\/les-visites-virtuelles-vr-360\/","url":"https:\/\/www.micoulou-photos.com\/index.php\/les-visites-virtuelles-vr-360\/","name":"Les visites virtuelles VR 360\u00b0 - Micoulou Photographie","isPartOf":{"@id":"https:\/\/www.micoulou-photos.com\/#website"},"datePublished":"2024-10-27T14:31:19+00:00","dateModified":"2024-10-27T19:48:48+00:00","breadcrumb":{"@id":"https:\/\/www.micoulou-photos.com\/index.php\/les-visites-virtuelles-vr-360\/#breadcrumb"},"inLanguage":"fr-FR","potentialAction":[{"@type":"ReadAction","target":["https:\/\/www.micoulou-photos.com\/index.php\/les-visites-virtuelles-vr-360\/"]}]},{"@type":"BreadcrumbList","@id":"https:\/\/www.micoulou-photos.com\/index.php\/les-visites-virtuelles-vr-360\/#breadcrumb","itemListElement":[{"@type":"ListItem","position":1,"name":"Accueil","item":"https:\/\/www.micoulou-photos.com\/"},{"@type":"ListItem","position":2,"name":"Les visites virtuelles VR 360\u00b0"}]},{"@type":"WebSite","@id":"https:\/\/www.micoulou-photos.com\/#website","url":"https:\/\/www.micoulou-photos.com\/","name":"Micoulou Photographie","description":"Photographies, Visites virtuelles et formations par Mickael Minarie","publisher":{"@id":"https:\/\/www.micoulou-photos.com\/#organization"},"potentialAction":[{"@type":"SearchAction","target":{"@type":"EntryPoint","urlTemplate":"https:\/\/www.micoulou-photos.com\/?s={search_term_string}"},"query-input":{"@type":"PropertyValueSpecification","valueRequired":true,"valueName":"search_term_string"}}],"inLanguage":"fr-FR"},{"@type":"Organization","@id":"https:\/\/www.micoulou-photos.com\/#organization","name":"Micoulou Photographie","url":"https:\/\/www.micoulou-photos.com\/","logo":{"@type":"ImageObject","inLanguage":"fr-FR","@id":"https:\/\/www.micoulou-photos.com\/#\/schema\/logo\/image\/","url":"https:\/\/i0.wp.com\/www.micoulou-photos.com\/wp-content\/uploads\/2020\/05\/cropped-891667_552097324824916_1615181552_o-1.jpg?fit=643%2C722&ssl=1","contentUrl":"https:\/\/i0.wp.com\/www.micoulou-photos.com\/wp-content\/uploads\/2020\/05\/cropped-891667_552097324824916_1615181552_o-1.jpg?fit=643%2C722&ssl=1","width":643,"height":722,"caption":"Micoulou Photographie"},"image":{"@id":"https:\/\/www.micoulou-photos.com\/#\/schema\/logo\/image\/"}}]}},"jetpack_sharing_enabled":true,"jetpack_shortlink":"https:\/\/wp.me\/P7zKF4-23o","jetpack-related-posts":[{"id":3057,"url":"https:\/\/www.micoulou-photos.com\/index.php\/prestations\/","url_meta":{"origin":7898,"position":0},"title":"Prestations","author":"micoulou","date":"21 f\u00e9vrier 2017","format":false,"excerpt":"Reportage 360\u00b0 \/ VR R\u00e9alisez un reportage complet sur votre propri\u00e9t\u00e9.Je met en valeur gr\u00e2ce \u00e0 la r\u00e9alisation d'images 360\u00b0 et de vid\u00e9o les lieux int\u00e9ressants. Vos clients pourront ainsi voir les lieux telle qu'ils sont.Le reportage peut contenir un ensemble de photos du lieu, des Visites virtuelles que je\u2026","rel":"","context":"Article similaire","block_context":{"text":"Article similaire","link":""},"img":{"alt_text":"","src":"https:\/\/i0.wp.com\/www.micoulou-photos.com\/wp-content\/uploads\/2016\/11\/VR360.jpg?fit=900%2C380&ssl=1&resize=350%2C200","width":350,"height":200,"srcset":"https:\/\/i0.wp.com\/www.micoulou-photos.com\/wp-content\/uploads\/2016\/11\/VR360.jpg?fit=900%2C380&ssl=1&resize=350%2C200 1x, https:\/\/i0.wp.com\/www.micoulou-photos.com\/wp-content\/uploads\/2016\/11\/VR360.jpg?fit=900%2C380&ssl=1&resize=525%2C300 1.5x, https:\/\/i0.wp.com\/www.micoulou-photos.com\/wp-content\/uploads\/2016\/11\/VR360.jpg?fit=900%2C380&ssl=1&resize=700%2C400 2x"},"classes":[]},{"id":5576,"url":"https:\/\/www.micoulou-photos.com\/index.php\/votre-reportage\/","url_meta":{"origin":7898,"position":1},"title":"Votre reportage","author":"micoulou","date":"12 avril 2020","format":false,"excerpt":"Photoreportage Reportage photo sur un \u00e9v\u00e8nement type mariage, anniversaire, f\u00eate... Videoreportage Un reportage vid\u00e9o sur des \u00e9v\u00e8nements culturels, mariages... Visites virtuelles photographie \u00e0 360\u00b0 de type VR pour de la photographie immobili\u00e8re. Micka\u00ebl Minarie, photographe atypique et authentique Je pense \u00eatre authentique car vivant parfois \u00ab dans ma bulle \u00bb,\u2026","rel":"","context":"Article similaire","block_context":{"text":"Article similaire","link":""},"img":{"alt_text":"portrait Mickael Minarie par Lionel","src":"https:\/\/i0.wp.com\/www.micoulou-photos.com\/wp-content\/uploads\/2024\/11\/DSC01451-2-683x1024.jpg?resize=350%2C200&ssl=1","width":350,"height":200,"srcset":"https:\/\/i0.wp.com\/www.micoulou-photos.com\/wp-content\/uploads\/2024\/11\/DSC01451-2-683x1024.jpg?resize=350%2C200&ssl=1 1x, https:\/\/i0.wp.com\/www.micoulou-photos.com\/wp-content\/uploads\/2024\/11\/DSC01451-2-683x1024.jpg?resize=525%2C300&ssl=1 1.5x"},"classes":[]},{"id":1265,"url":"https:\/\/www.micoulou-photos.com\/index.php\/visites-virtuelles\/","url_meta":{"origin":7898,"position":2},"title":"Visites virtuelles","author":"micoulou","date":"25 avril 2015","format":false,"excerpt":"Je vous r\u00e9alise votre visite virtuelle 360\u00b0 comme dans l'exemple ci dessous, \u00e0 partir de 300\u20ac, avec la VR, que vous pouvez ensuite utiliser sur votre site, sur Google street view et sur Facebook. Je peux vous ajouter un reportage photo complet. Je me diff\u00e9rencie des autres en vous proposant\u2026","rel":"","context":"Article similaire","block_context":{"text":"Article similaire","link":""},"img":{"alt_text":"","src":"","width":0,"height":0},"classes":[]},{"id":7880,"url":"https:\/\/www.micoulou-photos.com\/index.php\/prestations-2\/","url_meta":{"origin":7898,"position":3},"title":"Prestations","author":"micoulou","date":"27 octobre 2024","format":false,"excerpt":"Photo reportage Video reportage Visites virtuelles 360\u00b0 Transmissions de connaissances","rel":"","context":"Article similaire","block_context":{"text":"Article similaire","link":""},"img":{"alt_text":"","src":"","width":0,"height":0},"classes":[]},{"id":3144,"url":"https:\/\/www.micoulou-photos.com\/index.php\/2017\/03\/10\/biographie\/","url_meta":{"origin":7898,"position":4},"title":"Biographie","author":"micoulou","date":"10 mars 2017","format":false,"excerpt":"Apr\u00e8s une formation en informatique \u00e0 Aberdeen, et diverses exp\u00e9riences qui ont li\u00e9 photo, musique et informatique en Europe et Canada, J'ai r\u00e9alis\u00e9 une mission importante chez un d\u00e9veloppeur de logiciel qui d\u00e9veloppait des logiciels d'assemblage d'image et de publication de visites virtuelles. J'ai donc d\u00e9cid\u00e9 de se lancer \u00e0\u2026","rel":"","context":"Article similaire","block_context":{"text":"Article similaire","link":""},"img":{"alt_text":"","src":"","width":0,"height":0},"classes":[]},{"id":1592,"url":"https:\/\/www.micoulou-photos.com\/index.php\/page-dacceuil\/","url_meta":{"origin":7898,"position":5},"title":"Visites virtuelles, paysages oniriques et vie alternative par Mickael Minarie","author":"micoulou","date":"29 mai 2016","format":false,"excerpt":"Photographe en nouvelle aquitaine Attention : en avril 2020, je refais mon site, tout va changer ! Il risque d'y avoir des soucis pendant quelques jours... Photographe de Reportage et VRUn mariage, concert ou tout autre \u00e9v\u00e9nement m\u00e9morable ? Je vous r\u00e9alise un reportage photo sur mesure et originale. Disponible\u2026","rel":"","context":"Article similaire","block_context":{"text":"Article similaire","link":""},"img":{"alt_text":"","src":"https:\/\/i0.wp.com\/www.micoulou-photos.com\/wp-content\/uploads\/2020\/03\/Photantik-logo-2018-small.jpg?resize=350%2C200&ssl=1","width":350,"height":200,"srcset":"https:\/\/i0.wp.com\/www.micoulou-photos.com\/wp-content\/uploads\/2020\/03\/Photantik-logo-2018-small.jpg?resize=350%2C200&ssl=1 1x, https:\/\/i0.wp.com\/www.micoulou-photos.com\/wp-content\/uploads\/2020\/03\/Photantik-logo-2018-small.jpg?resize=525%2C300&ssl=1 1.5x"},"classes":[]}],"_links":{"self":[{"href":"https:\/\/www.micoulou-photos.com\/index.php\/wp-json\/wp\/v2\/pages\/7898","targetHints":{"allow":["GET"]}}],"collection":[{"href":"https:\/\/www.micoulou-photos.com\/index.php\/wp-json\/wp\/v2\/pages"}],"about":[{"href":"https:\/\/www.micoulou-photos.com\/index.php\/wp-json\/wp\/v2\/types\/page"}],"author":[{"embeddable":true,"href":"https:\/\/www.micoulou-photos.com\/index.php\/wp-json\/wp\/v2\/users\/1"}],"replies":[{"embeddable":true,"href":"https:\/\/www.micoulou-photos.com\/index.php\/wp-json\/wp\/v2\/comments?post=7898"}],"version-history":[{"count":7,"href":"https:\/\/www.micoulou-photos.com\/index.php\/wp-json\/wp\/v2\/pages\/7898\/revisions"}],"predecessor-version":[{"id":7977,"href":"https:\/\/www.micoulou-photos.com\/index.php\/wp-json\/wp\/v2\/pages\/7898\/revisions\/7977"}],"wp:attachment":[{"href":"https:\/\/www.micoulou-photos.com\/index.php\/wp-json\/wp\/v2\/media?parent=7898"}],"curies":[{"name":"wp","href":"https:\/\/api.w.org\/{rel}","templated":true}]}}