{"id":6185,"date":"2020-05-27T00:46:33","date_gmt":"2020-05-26T23:46:33","guid":{"rendered":"https:\/\/www.micoulou-photos.com\/?page_id=6185"},"modified":"2024-08-02T00:29:57","modified_gmt":"2024-08-01T23:29:57","slug":"formation-retouche-photo","status":"publish","type":"page","link":"https:\/\/www.micoulou-photos.com\/index.php\/formation-retouche-photo\/","title":{"rendered":"Formation Retouche Photo"},"content":{"rendered":"\n<h2 class=\"wp-block-heading\">Pratique Photoshop ou GIMP pour les photographes<\/h2>\n\n\n\n<h3 class=\"wp-block-heading\"><br>Objectif<\/h3>\n\n\n\n<p><br>Cette formation a pour objectif d&rsquo;acqu\u00e9rir les bases de Photoshop et Lightroom pour des effectuer des retouches photographiques.<\/p>\n\n\n\n<h2 class=\"wp-block-heading\"><br>Les bases de l\u2019utilisation de Photoshop : taille d\u2019une image, les calques, les textes..<br>Les bases de Lightroom pour trier et traiter rapidement un reportage,<br>\u00catre capable de traiter les d\u00e9fauts et d\u2019am\u00e9liorer l\u2019image pour l\u2019impression.<br>Utiliser les \u00e9l\u00e9ments cr\u00e9\u00e9s pour le web : courriel, site internet&#8230;<\/h2>\n\n\n\n<h2 class=\"wp-block-heading\"><br>Pr\u00e9requis<\/h2>\n\n\n\n<p><br>Conna\u00eetre les bases du fonctionnement du syst\u00e8me d\u2019exploitation sur lequel tourne Photoshop : Windows ou Mac OS X.<\/p>\n\n\n\n<h2 class=\"wp-block-heading\">Public cible<\/h2>\n\n\n\n<p><br>Photographe ou amateur souhaitant maitriser l\u2019outil num\u00e9rique.<\/p>\n\n\n\n<h2 class=\"wp-block-heading\">M\u00e9thode d&rsquo;\u00e9valuation et p\u00e9dagogie<\/h2>\n\n\n\n<p><br>La formation alterne les connaissances th\u00e9oriques et des exemples pratiques. Le support de cours et les corrig\u00e9s des exercices sont fournis \u00e0 la fin de la formation. Le stagiaire peut apporter ses propres images pour travailler directement avec des cas pratiques.<\/p>\n\n\n\n<h2 class=\"wp-block-heading\"><br>Programme de formation<\/h2>\n\n\n\n<ul class=\"wp-block-list\">\n<li>Prise en main de Adobe Photoshop :\n<ul class=\"wp-block-list\">\n<li>L&rsquo;espace de travail<\/li>\n\n\n\n<li>Les palettes<\/li>\n<\/ul>\n<\/li>\n\n\n\n<li>Les diff\u00e9rents outils de base<\/li>\n\n\n\n<li>Les formats d\u2019images bitmap<\/li>\n\n\n\n<li>Tailles et r\u00e9solutions d\u2019image<\/li>\n\n\n\n<li>La colorim\u00e9trie<br>\n<ul class=\"wp-block-list\">\n<li>Les espaces couleurs<\/li>\n\n\n\n<li>Les palettes de couleur : d\u00e9finir une charte graphique<\/li>\n\n\n\n<li>Appliquer un rendu sp\u00e9cifique \u00e0 une image ou photo<\/li>\n<\/ul>\n<\/li>\n\n\n\n<li>Les calques<br>\n<ul class=\"wp-block-list\">\n<li>Les bases des calques<\/li>\n\n\n\n<li>Les calques de texte<\/li>\n\n\n\n<li>D\u00e9tourer une image<\/li>\n<\/ul>\n<\/li>\n\n\n\n<li>les s\u00e9lections<br>\n<ul class=\"wp-block-list\">\n<li>Les masques de fusions<\/li>\n\n\n\n<li>Corrections<\/li>\n\n\n\n<li>Nettoyer un \u00e9l\u00e9ment sur une image<\/li>\n\n\n\n<li>Retirer un objet d\u2019une image<\/li>\n<\/ul>\n<\/li>\n\n\n\n<li>Prise en main de Lightroom<br>\n<ul class=\"wp-block-list\">\n<li>L\u2019espace de travail de Lightroom<\/li>\n\n\n\n<li>Importer ses images<\/li>\n\n\n\n<li>Trier rapidement ses images<\/li>\n<\/ul>\n<\/li>\n\n\n\n<li>Traiter ses images sous Lightroom<br>\n<ul class=\"wp-block-list\">\n<li>Le travail de base<\/li>\n\n\n\n<li>Traiter ses images avec les niveaux<\/li>\n\n\n\n<li>Ajouter des effets<\/li>\n\n\n\n<li>Corriger des poussi\u00e8res ou \u00e9l\u00e9ments.<\/li>\n\n\n\n<li>Corriger une image scann\u00e9e abim\u00e9e<\/li>\n<\/ul>\n<\/li>\n\n\n\n<li>La base de l\u2019export papier<br>\n<ul class=\"wp-block-list\">\n<li>L\u2019export PDF pour cr\u00e9er un BAT<\/li>\n\n\n\n<li>Les couches CMJN<\/li>\n<\/ul>\n<\/li>\n\n\n\n<li>\u00e9l\u00e9ments bitmap, vectoriel et r\u00e9solution d\u2019impression selon le support<\/li>\n\n\n\n<li>L\u2019export web<br>\n<ul class=\"wp-block-list\">\n<li>L\u2019espace sRGB<\/li>\n\n\n\n<li>Les tailles versus temps de chargement<\/li>\n\n\n\n<li>Placer les diff\u00e9rents \u00e9l\u00e9ments sur une page web.<\/li>\n<\/ul>\n<\/li>\n<\/ul>\n","protected":false},"excerpt":{"rendered":"<p>Pratique Photoshop ou GIMP pour les photographes Objectif Cette formation a pour objectif d&rsquo;acqu\u00e9rir les bases de Photoshop et Lightroom pour des effectuer des retouches photographiques. Les bases de l\u2019utilisation de Photoshop : taille d\u2019une image, les calques, les textes..Les bases de Lightroom pour trier et traiter rapidement un reportage,\u00catre capable de traiter les d\u00e9fauts [&hellip;]<\/p>\n","protected":false},"author":1,"featured_media":0,"parent":0,"menu_order":0,"comment_status":"closed","ping_status":"closed","template":"","meta":{"jetpack_post_was_ever_published":false,"footnotes":""},"class_list":["post-6185","page","type-page","status-publish","hentry"],"yoast_head":"<!-- This site is optimized with the Yoast SEO plugin v27.5 - https:\/\/yoast.com\/product\/yoast-seo-wordpress\/ -->\n<title>Formation Retouche Photo - Micoulou Photographie<\/title>\n<meta name=\"robots\" content=\"index, follow, max-snippet:-1, max-image-preview:large, max-video-preview:-1\" \/>\n<link rel=\"canonical\" href=\"https:\/\/www.micoulou-photos.com\/index.php\/formation-retouche-photo\/\" \/>\n<meta property=\"og:locale\" content=\"fr_FR\" \/>\n<meta property=\"og:type\" content=\"article\" \/>\n<meta property=\"og:title\" content=\"Formation Retouche Photo - Micoulou Photographie\" \/>\n<meta property=\"og:description\" content=\"Pratique Photoshop ou GIMP pour les photographes Objectif Cette formation a pour objectif d&rsquo;acqu\u00e9rir les bases de Photoshop et Lightroom pour des effectuer des retouches photographiques. Les bases de l\u2019utilisation de Photoshop : taille d\u2019une image, les calques, les textes..Les bases de Lightroom pour trier et traiter rapidement un reportage,\u00catre capable de traiter les d\u00e9fauts [&hellip;]\" \/>\n<meta property=\"og:url\" content=\"https:\/\/www.micoulou-photos.com\/index.php\/formation-retouche-photo\/\" \/>\n<meta property=\"og:site_name\" content=\"Micoulou Photographie\" \/>\n<meta property=\"article:modified_time\" content=\"2024-08-01T23:29:57+00:00\" \/>\n<meta name=\"twitter:card\" content=\"summary_large_image\" \/>\n<meta name=\"twitter:label1\" content=\"Dur\u00e9e de lecture estim\u00e9e\" \/>\n\t<meta name=\"twitter:data1\" content=\"2 minutes\" \/>\n<script type=\"application\/ld+json\" class=\"yoast-schema-graph\">{\"@context\":\"https:\\\/\\\/schema.org\",\"@graph\":[{\"@type\":\"WebPage\",\"@id\":\"https:\\\/\\\/www.micoulou-photos.com\\\/index.php\\\/formation-retouche-photo\\\/\",\"url\":\"https:\\\/\\\/www.micoulou-photos.com\\\/index.php\\\/formation-retouche-photo\\\/\",\"name\":\"Formation Retouche Photo - Micoulou Photographie\",\"isPartOf\":{\"@id\":\"https:\\\/\\\/www.micoulou-photos.com\\\/#website\"},\"datePublished\":\"2020-05-26T23:46:33+00:00\",\"dateModified\":\"2024-08-01T23:29:57+00:00\",\"breadcrumb\":{\"@id\":\"https:\\\/\\\/www.micoulou-photos.com\\\/index.php\\\/formation-retouche-photo\\\/#breadcrumb\"},\"inLanguage\":\"fr-FR\",\"potentialAction\":[{\"@type\":\"ReadAction\",\"target\":[\"https:\\\/\\\/www.micoulou-photos.com\\\/index.php\\\/formation-retouche-photo\\\/\"]}]},{\"@type\":\"BreadcrumbList\",\"@id\":\"https:\\\/\\\/www.micoulou-photos.com\\\/index.php\\\/formation-retouche-photo\\\/#breadcrumb\",\"itemListElement\":[{\"@type\":\"ListItem\",\"position\":1,\"name\":\"Accueil\",\"item\":\"https:\\\/\\\/www.micoulou-photos.com\\\/\"},{\"@type\":\"ListItem\",\"position\":2,\"name\":\"Formation Retouche Photo\"}]},{\"@type\":\"WebSite\",\"@id\":\"https:\\\/\\\/www.micoulou-photos.com\\\/#website\",\"url\":\"https:\\\/\\\/www.micoulou-photos.com\\\/\",\"name\":\"Micoulou Photographie\",\"description\":\"Photographies, Visites virtuelles et formations par Mickael Minarie\",\"publisher\":{\"@id\":\"https:\\\/\\\/www.micoulou-photos.com\\\/#organization\"},\"potentialAction\":[{\"@type\":\"SearchAction\",\"target\":{\"@type\":\"EntryPoint\",\"urlTemplate\":\"https:\\\/\\\/www.micoulou-photos.com\\\/?s={search_term_string}\"},\"query-input\":{\"@type\":\"PropertyValueSpecification\",\"valueRequired\":true,\"valueName\":\"search_term_string\"}}],\"inLanguage\":\"fr-FR\"},{\"@type\":\"Organization\",\"@id\":\"https:\\\/\\\/www.micoulou-photos.com\\\/#organization\",\"name\":\"Micoulou Photographie\",\"url\":\"https:\\\/\\\/www.micoulou-photos.com\\\/\",\"logo\":{\"@type\":\"ImageObject\",\"inLanguage\":\"fr-FR\",\"@id\":\"https:\\\/\\\/www.micoulou-photos.com\\\/#\\\/schema\\\/logo\\\/image\\\/\",\"url\":\"https:\\\/\\\/i0.wp.com\\\/www.micoulou-photos.com\\\/wp-content\\\/uploads\\\/2020\\\/05\\\/cropped-891667_552097324824916_1615181552_o-1.jpg?fit=643%2C722&ssl=1\",\"contentUrl\":\"https:\\\/\\\/i0.wp.com\\\/www.micoulou-photos.com\\\/wp-content\\\/uploads\\\/2020\\\/05\\\/cropped-891667_552097324824916_1615181552_o-1.jpg?fit=643%2C722&ssl=1\",\"width\":643,\"height\":722,\"caption\":\"Micoulou Photographie\"},\"image\":{\"@id\":\"https:\\\/\\\/www.micoulou-photos.com\\\/#\\\/schema\\\/logo\\\/image\\\/\"}}]}<\/script>\n<!-- \/ Yoast SEO plugin. -->","yoast_head_json":{"title":"Formation Retouche Photo - Micoulou Photographie","robots":{"index":"index","follow":"follow","max-snippet":"max-snippet:-1","max-image-preview":"max-image-preview:large","max-video-preview":"max-video-preview:-1"},"canonical":"https:\/\/www.micoulou-photos.com\/index.php\/formation-retouche-photo\/","og_locale":"fr_FR","og_type":"article","og_title":"Formation Retouche Photo - Micoulou Photographie","og_description":"Pratique Photoshop ou GIMP pour les photographes Objectif Cette formation a pour objectif d&rsquo;acqu\u00e9rir les bases de Photoshop et Lightroom pour des effectuer des retouches photographiques. Les bases de l\u2019utilisation de Photoshop : taille d\u2019une image, les calques, les textes..Les bases de Lightroom pour trier et traiter rapidement un reportage,\u00catre capable de traiter les d\u00e9fauts [&hellip;]","og_url":"https:\/\/www.micoulou-photos.com\/index.php\/formation-retouche-photo\/","og_site_name":"Micoulou Photographie","article_modified_time":"2024-08-01T23:29:57+00:00","twitter_card":"summary_large_image","twitter_misc":{"Dur\u00e9e de lecture estim\u00e9e":"2 minutes"},"schema":{"@context":"https:\/\/schema.org","@graph":[{"@type":"WebPage","@id":"https:\/\/www.micoulou-photos.com\/index.php\/formation-retouche-photo\/","url":"https:\/\/www.micoulou-photos.com\/index.php\/formation-retouche-photo\/","name":"Formation Retouche Photo - Micoulou Photographie","isPartOf":{"@id":"https:\/\/www.micoulou-photos.com\/#website"},"datePublished":"2020-05-26T23:46:33+00:00","dateModified":"2024-08-01T23:29:57+00:00","breadcrumb":{"@id":"https:\/\/www.micoulou-photos.com\/index.php\/formation-retouche-photo\/#breadcrumb"},"inLanguage":"fr-FR","potentialAction":[{"@type":"ReadAction","target":["https:\/\/www.micoulou-photos.com\/index.php\/formation-retouche-photo\/"]}]},{"@type":"BreadcrumbList","@id":"https:\/\/www.micoulou-photos.com\/index.php\/formation-retouche-photo\/#breadcrumb","itemListElement":[{"@type":"ListItem","position":1,"name":"Accueil","item":"https:\/\/www.micoulou-photos.com\/"},{"@type":"ListItem","position":2,"name":"Formation Retouche Photo"}]},{"@type":"WebSite","@id":"https:\/\/www.micoulou-photos.com\/#website","url":"https:\/\/www.micoulou-photos.com\/","name":"Micoulou Photographie","description":"Photographies, Visites virtuelles et formations par Mickael Minarie","publisher":{"@id":"https:\/\/www.micoulou-photos.com\/#organization"},"potentialAction":[{"@type":"SearchAction","target":{"@type":"EntryPoint","urlTemplate":"https:\/\/www.micoulou-photos.com\/?s={search_term_string}"},"query-input":{"@type":"PropertyValueSpecification","valueRequired":true,"valueName":"search_term_string"}}],"inLanguage":"fr-FR"},{"@type":"Organization","@id":"https:\/\/www.micoulou-photos.com\/#organization","name":"Micoulou Photographie","url":"https:\/\/www.micoulou-photos.com\/","logo":{"@type":"ImageObject","inLanguage":"fr-FR","@id":"https:\/\/www.micoulou-photos.com\/#\/schema\/logo\/image\/","url":"https:\/\/i0.wp.com\/www.micoulou-photos.com\/wp-content\/uploads\/2020\/05\/cropped-891667_552097324824916_1615181552_o-1.jpg?fit=643%2C722&ssl=1","contentUrl":"https:\/\/i0.wp.com\/www.micoulou-photos.com\/wp-content\/uploads\/2020\/05\/cropped-891667_552097324824916_1615181552_o-1.jpg?fit=643%2C722&ssl=1","width":643,"height":722,"caption":"Micoulou Photographie"},"image":{"@id":"https:\/\/www.micoulou-photos.com\/#\/schema\/logo\/image\/"}}]}},"jetpack_sharing_enabled":true,"jetpack_shortlink":"https:\/\/wp.me\/P7zKF4-1BL","jetpack-related-posts":[{"id":5794,"url":"https:\/\/www.micoulou-photos.com\/index.php\/formation-adobe-creative-suite-pour-la-communication-dentreprise\/","url_meta":{"origin":6185,"position":0},"title":"Formation Adobe Creative Suite pour la communication d\u2019entreprise","author":"micoulou","date":"22 avril 2020","format":false,"excerpt":"arrow-left retour sur les formations Comment creer du contenus artistiques et percutant avec Photoshop, illustrator et indesign 5 jours 3 programmes Tous public sur site lieux Fran\u00e7ais ou anglais Langue Share This Class: Overview Passionn\u00e9 d'arts graphiques et de photographies, je vous partage ici mes comp\u00e9tences sur la suite Adobe.Cette\u2026","rel":"","context":"Article similaire","block_context":{"text":"Article similaire","link":""},"img":{"alt_text":"","src":"","width":0,"height":0},"classes":[]},{"id":6141,"url":"https:\/\/www.micoulou-photos.com\/index.php\/les-formations\/","url_meta":{"origin":6185,"position":1},"title":"Les formations","author":"micoulou","date":"26 mai 2020","format":false,"excerpt":"Formations informatique par Mickael Minarie Linux, GIMP et Photoshop par un passionn\u00e9 pour les pro arrow-icon-down D\u00e9couvrir les cours Cours 1 Cours Linux et unix Maitriser les syst\u00e8me d'exploitation Unix et Linux, pour les administrateurs syst\u00e8mes, d\u00e9veloppeurs ou techniciens informatiques. comprendre et maitriser un os libre en 2 ou 3\u2026","rel":"","context":"Article similaire","block_context":{"text":"Article similaire","link":""},"img":{"alt_text":"","src":"https:\/\/i0.wp.com\/www.micoulou-photos.com\/wp-content\/uploads\/2020\/05\/IMGP5760.jpg?fit=800%2C530&ssl=1&resize=350%2C200","width":350,"height":200,"srcset":"https:\/\/i0.wp.com\/www.micoulou-photos.com\/wp-content\/uploads\/2020\/05\/IMGP5760.jpg?fit=800%2C530&ssl=1&resize=350%2C200 1x, https:\/\/i0.wp.com\/www.micoulou-photos.com\/wp-content\/uploads\/2020\/05\/IMGP5760.jpg?fit=800%2C530&ssl=1&resize=525%2C300 1.5x, https:\/\/i0.wp.com\/www.micoulou-photos.com\/wp-content\/uploads\/2020\/05\/IMGP5760.jpg?fit=800%2C530&ssl=1&resize=700%2C400 2x"},"classes":[]},{"id":3057,"url":"https:\/\/www.micoulou-photos.com\/index.php\/prestations\/","url_meta":{"origin":6185,"position":2},"title":"Prestations","author":"micoulou","date":"21 f\u00e9vrier 2017","format":false,"excerpt":"Reportage 360\u00b0 \/ VR R\u00e9alisez un reportage complet sur votre propri\u00e9t\u00e9.Je met en valeur gr\u00e2ce \u00e0 la r\u00e9alisation d'images 360\u00b0 et de vid\u00e9o les lieux int\u00e9ressants. Vos clients pourront ainsi voir les lieux telle qu'ils sont.Le reportage peut contenir un ensemble de photos du lieu, des Visites virtuelles que je\u2026","rel":"","context":"Article similaire","block_context":{"text":"Article similaire","link":""},"img":{"alt_text":"","src":"https:\/\/i0.wp.com\/www.micoulou-photos.com\/wp-content\/uploads\/2016\/11\/VR360.jpg?fit=900%2C380&ssl=1&resize=350%2C200","width":350,"height":200,"srcset":"https:\/\/i0.wp.com\/www.micoulou-photos.com\/wp-content\/uploads\/2016\/11\/VR360.jpg?fit=900%2C380&ssl=1&resize=350%2C200 1x, https:\/\/i0.wp.com\/www.micoulou-photos.com\/wp-content\/uploads\/2016\/11\/VR360.jpg?fit=900%2C380&ssl=1&resize=525%2C300 1.5x, https:\/\/i0.wp.com\/www.micoulou-photos.com\/wp-content\/uploads\/2016\/11\/VR360.jpg?fit=900%2C380&ssl=1&resize=700%2C400 2x"},"classes":[]},{"id":5793,"url":"https:\/\/www.micoulou-photos.com\/index.php\/formation-linux-et-unix\/","url_meta":{"origin":6185,"position":3},"title":"Formation Linux et Unix","author":"micoulou","date":"26 avril 2020","format":false,"excerpt":"Comment comprendre et maitriser lInux et unix 2 ou 3 jours sur site dans votre entreprise ou en ligne lieux d\u00e9butant ou avanc\u00e9 Niveau 22h dur\u00e9e Fran\u00e7ais ou anglais Langue partager ce cours Apr\u00e8s avoir travaill\u00e9 10 ans dans des entreprises utilisant Linux pour leurs serveurs, avoir d\u00e9pann\u00e9 des centaines\u2026","rel":"","context":"Article similaire","block_context":{"text":"Article similaire","link":""},"img":{"alt_text":"","src":"https:\/\/i0.wp.com\/www.micoulou-photos.com\/wp-content\/uploads\/2020\/05\/IMGP5794.jpg?fit=800%2C530&ssl=1&resize=350%2C200","width":350,"height":200,"srcset":"https:\/\/i0.wp.com\/www.micoulou-photos.com\/wp-content\/uploads\/2020\/05\/IMGP5794.jpg?fit=800%2C530&ssl=1&resize=350%2C200 1x, https:\/\/i0.wp.com\/www.micoulou-photos.com\/wp-content\/uploads\/2020\/05\/IMGP5794.jpg?fit=800%2C530&ssl=1&resize=525%2C300 1.5x, https:\/\/i0.wp.com\/www.micoulou-photos.com\/wp-content\/uploads\/2020\/05\/IMGP5794.jpg?fit=800%2C530&ssl=1&resize=700%2C400 2x"},"classes":[]},{"id":3144,"url":"https:\/\/www.micoulou-photos.com\/index.php\/2017\/03\/10\/biographie\/","url_meta":{"origin":6185,"position":4},"title":"Biographie","author":"micoulou","date":"10 mars 2017","format":false,"excerpt":"Apr\u00e8s une formation en informatique \u00e0 Aberdeen, et diverses exp\u00e9riences qui ont li\u00e9 photo, musique et informatique en Europe et Canada, J'ai r\u00e9alis\u00e9 une mission importante chez un d\u00e9veloppeur de logiciel qui d\u00e9veloppait des logiciels d'assemblage d'image et de publication de visites virtuelles. J'ai donc d\u00e9cid\u00e9 de se lancer \u00e0\u2026","rel":"","context":"Article similaire","block_context":{"text":"Article similaire","link":""},"img":{"alt_text":"","src":"","width":0,"height":0},"classes":[]},{"id":303,"url":"https:\/\/www.micoulou-photos.com\/index.php\/la-photographie-panoramique\/la-photo-panoramique-et-360\/","url_meta":{"origin":6185,"position":5},"title":"La photo panoramique et 360\u00b0","author":"micoulou","date":"31 octobre 2013","format":false,"excerpt":"On m'a demand\u00e9 plusieurs fois des informations sur la photo panoramique et sur les visites virtuelles. Alors que l'assemblage de photo est une technique plut\u00f4t bien connues (gr\u00e2ce surement aux applications de t\u00e9l\u00e9phone portables, qui permettent d'assembler des photos facile, souvent avec une qualit\u00e9 ex\u00e9crable), la photo 360\u00b0 et sa\u2026","rel":"","context":"Article similaire","block_context":{"text":"Article similaire","link":""},"img":{"alt_text":"chambery 360","src":"https:\/\/i0.wp.com\/farm6.staticflickr.com\/5328\/10193749314_77b12d28c2_n.jpg?resize=350%2C200","width":350,"height":200},"classes":[]}],"_links":{"self":[{"href":"https:\/\/www.micoulou-photos.com\/index.php\/wp-json\/wp\/v2\/pages\/6185","targetHints":{"allow":["GET"]}}],"collection":[{"href":"https:\/\/www.micoulou-photos.com\/index.php\/wp-json\/wp\/v2\/pages"}],"about":[{"href":"https:\/\/www.micoulou-photos.com\/index.php\/wp-json\/wp\/v2\/types\/page"}],"author":[{"embeddable":true,"href":"https:\/\/www.micoulou-photos.com\/index.php\/wp-json\/wp\/v2\/users\/1"}],"replies":[{"embeddable":true,"href":"https:\/\/www.micoulou-photos.com\/index.php\/wp-json\/wp\/v2\/comments?post=6185"}],"version-history":[{"count":2,"href":"https:\/\/www.micoulou-photos.com\/index.php\/wp-json\/wp\/v2\/pages\/6185\/revisions"}],"predecessor-version":[{"id":7734,"href":"https:\/\/www.micoulou-photos.com\/index.php\/wp-json\/wp\/v2\/pages\/6185\/revisions\/7734"}],"wp:attachment":[{"href":"https:\/\/www.micoulou-photos.com\/index.php\/wp-json\/wp\/v2\/media?parent=6185"}],"curies":[{"name":"wp","href":"https:\/\/api.w.org\/{rel}","templated":true}]}}