{"id":1034,"date":"2014-10-13T12:29:31","date_gmt":"2014-10-13T12:29:31","guid":{"rendered":"http:\/\/www.micoulou-photos.com\/?page_id=1034"},"modified":"2024-11-16T02:49:42","modified_gmt":"2024-11-16T01:49:42","slug":"paysages-naturels","status":"publish","type":"page","link":"https:\/\/www.micoulou-photos.com\/index.php\/paysages-naturels\/","title":{"rendered":"Paysages naturels"},"content":{"rendered":"<p>Mes Paysages<\/p>\n<div data-carousel-extra='{&quot;blog_id&quot;:1,&quot;permalink&quot;:&quot;https:\/\/www.micoulou-photos.com\/index.php\/paysages-naturels\/&quot;}' id='gallery-1' class='gallery galleryid-1034 gallery-columns-3 gallery-size-medium'><figure class='gallery-item'>\n\t\t\t<div class='gallery-icon landscape'>\n\t\t\t\t<a href='https:\/\/www.micoulou-photos.com\/panoaubrac\/'><img decoding=\"async\" width=\"300\" height=\"49\" src=\"https:\/\/i0.wp.com\/www.micoulou-photos.com\/wp-content\/uploads\/2014\/02\/panoaubrac.jpg?fit=300%2C49&amp;ssl=1\" class=\"attachment-medium size-medium\" alt=\"\" aria-describedby=\"gallery-1-784\" srcset=\"https:\/\/i0.wp.com\/www.micoulou-photos.com\/wp-content\/uploads\/2014\/02\/panoaubrac.jpg?w=1837&amp;ssl=1 1837w, https:\/\/i0.wp.com\/www.micoulou-photos.com\/wp-content\/uploads\/2014\/02\/panoaubrac.jpg?resize=300%2C49&amp;ssl=1 300w, https:\/\/i0.wp.com\/www.micoulou-photos.com\/wp-content\/uploads\/2014\/02\/panoaubrac.jpg?resize=768%2C125&amp;ssl=1 768w, https:\/\/i0.wp.com\/www.micoulou-photos.com\/wp-content\/uploads\/2014\/02\/panoaubrac.jpg?resize=1024%2C167&amp;ssl=1 1024w, https:\/\/i0.wp.com\/www.micoulou-photos.com\/wp-content\/uploads\/2014\/02\/panoaubrac.jpg?resize=960%2C157&amp;ssl=1 960w, https:\/\/i0.wp.com\/www.micoulou-photos.com\/wp-content\/uploads\/2014\/02\/panoaubrac.jpg?resize=1600%2C261&amp;ssl=1 1600w\" sizes=\"(max-width: 300px) 100vw, 300px\" data-attachment-id=\"784\" data-permalink=\"https:\/\/www.micoulou-photos.com\/panoaubrac\/\" data-orig-file=\"https:\/\/i0.wp.com\/www.micoulou-photos.com\/wp-content\/uploads\/2014\/02\/panoaubrac.jpg?fit=1837%2C300&amp;ssl=1\" data-orig-size=\"1837,300\" data-comments-opened=\"1\" data-image-meta=\"{&quot;aperture&quot;:&quot;0&quot;,&quot;credit&quot;:&quot;&quot;,&quot;camera&quot;:&quot;&quot;,&quot;caption&quot;:&quot;&quot;,&quot;created_timestamp&quot;:&quot;0&quot;,&quot;copyright&quot;:&quot;MIC&quot;,&quot;focal_length&quot;:&quot;0&quot;,&quot;iso&quot;:&quot;0&quot;,&quot;shutter_speed&quot;:&quot;0&quot;,&quot;title&quot;:&quot;&quot;,&quot;orientation&quot;:&quot;0&quot;}\" data-image-title=\"panoaubrac\" data-image-description=\"\" data-image-caption=\"&lt;p&gt;Panorama de l&amp;rsquo;Aubrac&lt;\/p&gt;\n\" data-large-file=\"https:\/\/i0.wp.com\/www.micoulou-photos.com\/wp-content\/uploads\/2014\/02\/panoaubrac.jpg?fit=800%2C130&amp;ssl=1\" \/><\/a>\n\t\t\t<\/div>\n\t\t\t\t<figcaption class='wp-caption-text gallery-caption' id='gallery-1-784'>\n\t\t\t\tPanorama de l&rsquo;Aubrac\n\t\t\t\t<\/figcaption><\/figure><figure class='gallery-item'>\n\t\t\t<div class='gallery-icon portrait'>\n\t\t\t\t<a href='https:\/\/www.micoulou-photos.com\/imgp1602\/'><img fetchpriority=\"high\" decoding=\"async\" width=\"199\" height=\"300\" src=\"https:\/\/i0.wp.com\/www.micoulou-photos.com\/wp-content\/uploads\/2014\/02\/IMGP1602.jpg?fit=199%2C300&amp;ssl=1\" class=\"attachment-medium size-medium\" alt=\"\" aria-describedby=\"gallery-1-774\" srcset=\"https:\/\/i0.wp.com\/www.micoulou-photos.com\/wp-content\/uploads\/2014\/02\/IMGP1602.jpg?w=530&amp;ssl=1 530w, https:\/\/i0.wp.com\/www.micoulou-photos.com\/wp-content\/uploads\/2014\/02\/IMGP1602.jpg?resize=199%2C300&amp;ssl=1 199w\" sizes=\"(max-width: 199px) 100vw, 199px\" data-attachment-id=\"774\" data-permalink=\"https:\/\/www.micoulou-photos.com\/imgp1602\/\" data-orig-file=\"https:\/\/i0.wp.com\/www.micoulou-photos.com\/wp-content\/uploads\/2014\/02\/IMGP1602.jpg?fit=530%2C800&amp;ssl=1\" data-orig-size=\"530,800\" data-comments-opened=\"1\" data-image-meta=\"{&quot;aperture&quot;:&quot;9&quot;,&quot;credit&quot;:&quot;MICKAEL_MINARIE&quot;,&quot;camera&quot;:&quot;PENTAX K-30&quot;,&quot;caption&quot;:&quot;&quot;,&quot;created_timestamp&quot;:&quot;1390582889&quot;,&quot;copyright&quot;:&quot;MIC&quot;,&quot;focal_length&quot;:&quot;35&quot;,&quot;iso&quot;:&quot;100&quot;,&quot;shutter_speed&quot;:&quot;0.02&quot;,&quot;title&quot;:&quot;&quot;,&quot;orientation&quot;:&quot;0&quot;}\" data-image-title=\"IMGP1602\" data-image-description=\"\" data-image-caption=\"&lt;p&gt;En allant vers les arbres&lt;\/p&gt;\n\" data-large-file=\"https:\/\/i0.wp.com\/www.micoulou-photos.com\/wp-content\/uploads\/2014\/02\/IMGP1602.jpg?fit=530%2C800&amp;ssl=1\" \/><\/a>\n\t\t\t<\/div>\n\t\t\t\t<figcaption class='wp-caption-text gallery-caption' id='gallery-1-774'>\n\t\t\t\tEn allant vers les arbres\n\t\t\t\t<\/figcaption><\/figure><figure class='gallery-item'>\n\t\t\t<div class='gallery-icon landscape'>\n\t\t\t\t<a href='https:\/\/www.micoulou-photos.com\/imgp1542\/'><img decoding=\"async\" width=\"300\" height=\"199\" src=\"https:\/\/i0.wp.com\/www.micoulou-photos.com\/wp-content\/uploads\/2014\/02\/IMGP1542.jpg?fit=300%2C199&amp;ssl=1\" class=\"attachment-medium size-medium\" alt=\"\" aria-describedby=\"gallery-1-772\" srcset=\"https:\/\/i0.wp.com\/www.micoulou-photos.com\/wp-content\/uploads\/2014\/02\/IMGP1542.jpg?w=1024&amp;ssl=1 1024w, https:\/\/i0.wp.com\/www.micoulou-photos.com\/wp-content\/uploads\/2014\/02\/IMGP1542.jpg?resize=300%2C199&amp;ssl=1 300w, https:\/\/i0.wp.com\/www.micoulou-photos.com\/wp-content\/uploads\/2014\/02\/IMGP1542.jpg?resize=768%2C509&amp;ssl=1 768w, https:\/\/i0.wp.com\/www.micoulou-photos.com\/wp-content\/uploads\/2014\/02\/IMGP1542.jpg?resize=960%2C636&amp;ssl=1 960w\" sizes=\"(max-width: 300px) 100vw, 300px\" data-attachment-id=\"772\" data-permalink=\"https:\/\/www.micoulou-photos.com\/imgp1542\/\" data-orig-file=\"https:\/\/i0.wp.com\/www.micoulou-photos.com\/wp-content\/uploads\/2014\/02\/IMGP1542.jpg?fit=1024%2C678&amp;ssl=1\" data-orig-size=\"1024,678\" data-comments-opened=\"1\" data-image-meta=\"{&quot;aperture&quot;:&quot;9&quot;,&quot;credit&quot;:&quot;MICKAEL_MINARIE&quot;,&quot;camera&quot;:&quot;PENTAX K-30&quot;,&quot;caption&quot;:&quot;&quot;,&quot;created_timestamp&quot;:&quot;1390582217&quot;,&quot;copyright&quot;:&quot;MIC&quot;,&quot;focal_length&quot;:&quot;35&quot;,&quot;iso&quot;:&quot;100&quot;,&quot;shutter_speed&quot;:&quot;0.0125&quot;,&quot;title&quot;:&quot;&quot;,&quot;orientation&quot;:&quot;0&quot;}\" data-image-title=\"IMGP1542\" data-image-description=\"\" data-image-caption=\"&lt;p&gt;Domino, Aubrac, 2014&lt;\/p&gt;\n\" data-large-file=\"https:\/\/i0.wp.com\/www.micoulou-photos.com\/wp-content\/uploads\/2014\/02\/IMGP1542.jpg?fit=800%2C530&amp;ssl=1\" \/><\/a>\n\t\t\t<\/div>\n\t\t\t\t<figcaption class='wp-caption-text gallery-caption' id='gallery-1-772'>\n\t\t\t\tDomino, Aubrac, 2014\n\t\t\t\t<\/figcaption><\/figure><figure class='gallery-item'>\n\t\t\t<div class='gallery-icon portrait'>\n\t\t\t\t<a href='https:\/\/www.micoulou-photos.com\/imgp1470\/'><img loading=\"lazy\" decoding=\"async\" width=\"199\" height=\"300\" src=\"https:\/\/i0.wp.com\/www.micoulou-photos.com\/wp-content\/uploads\/2014\/02\/IMGP1470.jpg?fit=199%2C300&amp;ssl=1\" class=\"attachment-medium size-medium\" alt=\"\" aria-describedby=\"gallery-1-770\" srcset=\"https:\/\/i0.wp.com\/www.micoulou-photos.com\/wp-content\/uploads\/2014\/02\/IMGP1470.jpg?w=530&amp;ssl=1 530w, https:\/\/i0.wp.com\/www.micoulou-photos.com\/wp-content\/uploads\/2014\/02\/IMGP1470.jpg?resize=199%2C300&amp;ssl=1 199w\" sizes=\"(max-width: 199px) 100vw, 199px\" data-attachment-id=\"770\" data-permalink=\"https:\/\/www.micoulou-photos.com\/imgp1470\/\" data-orig-file=\"https:\/\/i0.wp.com\/www.micoulou-photos.com\/wp-content\/uploads\/2014\/02\/IMGP1470.jpg?fit=530%2C800&amp;ssl=1\" data-orig-size=\"530,800\" data-comments-opened=\"1\" data-image-meta=\"{&quot;aperture&quot;:&quot;0&quot;,&quot;credit&quot;:&quot;MICKAEL_MINARIE&quot;,&quot;camera&quot;:&quot;PENTAX K-30&quot;,&quot;caption&quot;:&quot;&quot;,&quot;created_timestamp&quot;:&quot;1390581525&quot;,&quot;copyright&quot;:&quot;MIC&quot;,&quot;focal_length&quot;:&quot;85&quot;,&quot;iso&quot;:&quot;100&quot;,&quot;shutter_speed&quot;:&quot;0.004&quot;,&quot;title&quot;:&quot;&quot;,&quot;orientation&quot;:&quot;0&quot;}\" data-image-title=\"IMGP1470\" data-image-description=\"\" data-image-caption=\"&lt;p&gt;Arbres enneig\u00e9&lt;\/p&gt;\n\" data-large-file=\"https:\/\/i0.wp.com\/www.micoulou-photos.com\/wp-content\/uploads\/2014\/02\/IMGP1470.jpg?fit=530%2C800&amp;ssl=1\" \/><\/a>\n\t\t\t<\/div>\n\t\t\t\t<figcaption class='wp-caption-text gallery-caption' id='gallery-1-770'>\n\t\t\t\tArbres enneig\u00e9\n\t\t\t\t<\/figcaption><\/figure><figure class='gallery-item'>\n\t\t\t<div class='gallery-icon landscape'>\n\t\t\t\t<a href='https:\/\/www.micoulou-photos.com\/2eev0700-modifier\/'><img loading=\"lazy\" decoding=\"async\" width=\"300\" height=\"200\" src=\"https:\/\/i0.wp.com\/www.micoulou-photos.com\/wp-content\/uploads\/2014\/01\/2EEV0700-Modifier.jpg?fit=300%2C200&amp;ssl=1\" class=\"attachment-medium size-medium\" alt=\"\" aria-describedby=\"gallery-1-716\" srcset=\"https:\/\/i0.wp.com\/www.micoulou-photos.com\/wp-content\/uploads\/2014\/01\/2EEV0700-Modifier.jpg?w=1024&amp;ssl=1 1024w, https:\/\/i0.wp.com\/www.micoulou-photos.com\/wp-content\/uploads\/2014\/01\/2EEV0700-Modifier.jpg?resize=300%2C200&amp;ssl=1 300w, https:\/\/i0.wp.com\/www.micoulou-photos.com\/wp-content\/uploads\/2014\/01\/2EEV0700-Modifier.jpg?resize=768%2C511&amp;ssl=1 768w, https:\/\/i0.wp.com\/www.micoulou-photos.com\/wp-content\/uploads\/2014\/01\/2EEV0700-Modifier.jpg?resize=960%2C638&amp;ssl=1 960w, https:\/\/i0.wp.com\/www.micoulou-photos.com\/wp-content\/uploads\/2014\/01\/2EEV0700-Modifier.jpg?resize=272%2C182&amp;ssl=1 272w\" sizes=\"(max-width: 300px) 100vw, 300px\" data-attachment-id=\"716\" data-permalink=\"https:\/\/www.micoulou-photos.com\/2eev0700-modifier\/\" data-orig-file=\"https:\/\/i0.wp.com\/www.micoulou-photos.com\/wp-content\/uploads\/2014\/01\/2EEV0700-Modifier.jpg?fit=1024%2C681&amp;ssl=1\" data-orig-size=\"1024,681\" data-comments-opened=\"1\" data-image-meta=\"{&quot;aperture&quot;:&quot;5.6&quot;,&quot;credit&quot;:&quot;Mickael Minarie&quot;,&quot;camera&quot;:&quot;Canon EOS-1DS&quot;,&quot;caption&quot;:&quot;&quot;,&quot;created_timestamp&quot;:&quot;1388133005&quot;,&quot;copyright&quot;:&quot;&quot;,&quot;focal_length&quot;:&quot;271&quot;,&quot;iso&quot;:&quot;200&quot;,&quot;shutter_speed&quot;:&quot;0.004&quot;,&quot;title&quot;:&quot;&quot;,&quot;orientation&quot;:&quot;0&quot;}\" data-image-title=\"2EEV0700-Modifier\" data-image-description=\"\" data-image-caption=\"&lt;p&gt;Vue des 7 Laux, 2013&lt;\/p&gt;\n\" data-large-file=\"https:\/\/i0.wp.com\/www.micoulou-photos.com\/wp-content\/uploads\/2014\/01\/2EEV0700-Modifier.jpg?fit=800%2C532&amp;ssl=1\" \/><\/a>\n\t\t\t<\/div>\n\t\t\t\t<figcaption class='wp-caption-text gallery-caption' id='gallery-1-716'>\n\t\t\t\tVue des 7 Laux, 2013\n\t\t\t\t<\/figcaption><\/figure><figure class='gallery-item'>\n\t\t\t<div class='gallery-icon landscape'>\n\t\t\t\t<a href='https:\/\/www.micoulou-photos.com\/2eev0754\/'><img loading=\"lazy\" decoding=\"async\" width=\"300\" height=\"200\" src=\"https:\/\/i0.wp.com\/www.micoulou-photos.com\/wp-content\/uploads\/2014\/01\/2EEV0754.jpg?fit=300%2C200&amp;ssl=1\" class=\"attachment-medium size-medium\" alt=\"\" aria-describedby=\"gallery-1-719\" srcset=\"https:\/\/i0.wp.com\/www.micoulou-photos.com\/wp-content\/uploads\/2014\/01\/2EEV0754.jpg?w=1024&amp;ssl=1 1024w, https:\/\/i0.wp.com\/www.micoulou-photos.com\/wp-content\/uploads\/2014\/01\/2EEV0754.jpg?resize=300%2C200&amp;ssl=1 300w, https:\/\/i0.wp.com\/www.micoulou-photos.com\/wp-content\/uploads\/2014\/01\/2EEV0754.jpg?resize=768%2C511&amp;ssl=1 768w, https:\/\/i0.wp.com\/www.micoulou-photos.com\/wp-content\/uploads\/2014\/01\/2EEV0754.jpg?resize=960%2C638&amp;ssl=1 960w, https:\/\/i0.wp.com\/www.micoulou-photos.com\/wp-content\/uploads\/2014\/01\/2EEV0754.jpg?resize=272%2C182&amp;ssl=1 272w\" sizes=\"(max-width: 300px) 100vw, 300px\" data-attachment-id=\"719\" data-permalink=\"https:\/\/www.micoulou-photos.com\/2eev0754\/\" data-orig-file=\"https:\/\/i0.wp.com\/www.micoulou-photos.com\/wp-content\/uploads\/2014\/01\/2EEV0754.jpg?fit=1024%2C681&amp;ssl=1\" data-orig-size=\"1024,681\" data-comments-opened=\"1\" data-image-meta=\"{&quot;aperture&quot;:&quot;10&quot;,&quot;credit&quot;:&quot;Mickael Minarie&quot;,&quot;camera&quot;:&quot;Canon EOS-1DS&quot;,&quot;caption&quot;:&quot;&quot;,&quot;created_timestamp&quot;:&quot;1388308665&quot;,&quot;copyright&quot;:&quot;&quot;,&quot;focal_length&quot;:&quot;183&quot;,&quot;iso&quot;:&quot;200&quot;,&quot;shutter_speed&quot;:&quot;0.00125&quot;,&quot;title&quot;:&quot;&quot;,&quot;orientation&quot;:&quot;0&quot;}\" data-image-title=\"2EEV0754\" data-image-description=\"\" data-image-caption=\"&lt;p&gt;Vue des 7 Laux, 2013&lt;\/p&gt;\n\" data-large-file=\"https:\/\/i0.wp.com\/www.micoulou-photos.com\/wp-content\/uploads\/2014\/01\/2EEV0754.jpg?fit=800%2C532&amp;ssl=1\" \/><\/a>\n\t\t\t<\/div>\n\t\t\t\t<figcaption class='wp-caption-text gallery-caption' id='gallery-1-719'>\n\t\t\t\tVue des 7 Laux, 2013\n\t\t\t\t<\/figcaption><\/figure><figure class='gallery-item'>\n\t\t\t<div class='gallery-icon portrait'>\n\t\t\t\t<a href='https:\/\/www.micoulou-photos.com\/2eev0122-modifier\/'><img loading=\"lazy\" decoding=\"async\" width=\"200\" height=\"300\" src=\"https:\/\/i0.wp.com\/www.micoulou-photos.com\/wp-content\/uploads\/2014\/01\/2EEV0122-Modifier.jpg?fit=200%2C300&amp;ssl=1\" class=\"attachment-medium size-medium\" alt=\"\" srcset=\"https:\/\/i0.wp.com\/www.micoulou-photos.com\/wp-content\/uploads\/2014\/01\/2EEV0122-Modifier.jpg?w=532&amp;ssl=1 532w, https:\/\/i0.wp.com\/www.micoulou-photos.com\/wp-content\/uploads\/2014\/01\/2EEV0122-Modifier.jpg?resize=200%2C300&amp;ssl=1 200w\" sizes=\"(max-width: 200px) 100vw, 200px\" data-attachment-id=\"682\" data-permalink=\"https:\/\/www.micoulou-photos.com\/2eev0122-modifier\/\" data-orig-file=\"https:\/\/i0.wp.com\/www.micoulou-photos.com\/wp-content\/uploads\/2014\/01\/2EEV0122-Modifier.jpg?fit=532%2C800&amp;ssl=1\" data-orig-size=\"532,800\" data-comments-opened=\"1\" data-image-meta=\"{&quot;aperture&quot;:&quot;8&quot;,&quot;credit&quot;:&quot;Mickael Minarie&quot;,&quot;camera&quot;:&quot;Canon EOS-1DS&quot;,&quot;caption&quot;:&quot;&quot;,&quot;created_timestamp&quot;:&quot;1387640966&quot;,&quot;copyright&quot;:&quot;&quot;,&quot;focal_length&quot;:&quot;154&quot;,&quot;iso&quot;:&quot;200&quot;,&quot;shutter_speed&quot;:&quot;0.002&quot;,&quot;title&quot;:&quot;&quot;,&quot;orientation&quot;:&quot;0&quot;}\" data-image-title=\"2EEV0122-Modifier\" data-image-description=\"\" data-image-caption=\"\" data-large-file=\"https:\/\/i0.wp.com\/www.micoulou-photos.com\/wp-content\/uploads\/2014\/01\/2EEV0122-Modifier.jpg?fit=532%2C800&amp;ssl=1\" \/><\/a>\n\t\t\t<\/div><\/figure><figure class='gallery-item'>\n\t\t\t<div class='gallery-icon landscape'>\n\t\t\t\t<a href='https:\/\/www.micoulou-photos.com\/img_2569-2\/'><img loading=\"lazy\" decoding=\"async\" width=\"300\" height=\"300\" src=\"https:\/\/i0.wp.com\/www.micoulou-photos.com\/wp-content\/uploads\/2014\/01\/IMG_25691.jpg?fit=300%2C300&amp;ssl=1\" class=\"attachment-medium size-medium\" alt=\"\" aria-describedby=\"gallery-1-574\" srcset=\"https:\/\/i0.wp.com\/www.micoulou-photos.com\/wp-content\/uploads\/2014\/01\/IMG_25691.jpg?w=1000&amp;ssl=1 1000w, https:\/\/i0.wp.com\/www.micoulou-photos.com\/wp-content\/uploads\/2014\/01\/IMG_25691.jpg?resize=150%2C150&amp;ssl=1 150w, https:\/\/i0.wp.com\/www.micoulou-photos.com\/wp-content\/uploads\/2014\/01\/IMG_25691.jpg?resize=300%2C300&amp;ssl=1 300w, https:\/\/i0.wp.com\/www.micoulou-photos.com\/wp-content\/uploads\/2014\/01\/IMG_25691.jpg?resize=768%2C768&amp;ssl=1 768w, https:\/\/i0.wp.com\/www.micoulou-photos.com\/wp-content\/uploads\/2014\/01\/IMG_25691.jpg?resize=960%2C960&amp;ssl=1 960w\" sizes=\"(max-width: 300px) 100vw, 300px\" data-attachment-id=\"574\" data-permalink=\"https:\/\/www.micoulou-photos.com\/img_2569-2\/\" data-orig-file=\"https:\/\/i0.wp.com\/www.micoulou-photos.com\/wp-content\/uploads\/2014\/01\/IMG_25691.jpg?fit=1000%2C1000&amp;ssl=1\" data-orig-size=\"1000,1000\" data-comments-opened=\"1\" data-image-meta=\"{&quot;aperture&quot;:&quot;5.6&quot;,&quot;credit&quot;:&quot;&quot;,&quot;camera&quot;:&quot;Canon PowerShot S95&quot;,&quot;caption&quot;:&quot;&quot;,&quot;created_timestamp&quot;:&quot;1308504506&quot;,&quot;copyright&quot;:&quot;&quot;,&quot;focal_length&quot;:&quot;14.976&quot;,&quot;iso&quot;:&quot;80&quot;,&quot;shutter_speed&quot;:&quot;0.002&quot;,&quot;title&quot;:&quot;&quot;,&quot;orientation&quot;:&quot;0&quot;}\" data-image-title=\"IMG_2569\" data-image-description=\"\" data-image-caption=\"&lt;p&gt;Osoyoos, Canada, 2011&lt;\/p&gt;\n\" data-large-file=\"https:\/\/i0.wp.com\/www.micoulou-photos.com\/wp-content\/uploads\/2014\/01\/IMG_25691.jpg?fit=800%2C800&amp;ssl=1\" \/><\/a>\n\t\t\t<\/div>\n\t\t\t\t<figcaption class='wp-caption-text gallery-caption' id='gallery-1-574'>\n\t\t\t\tOsoyoos, Canada, 2011\n\t\t\t\t<\/figcaption><\/figure><figure class='gallery-item'>\n\t\t\t<div class='gallery-icon landscape'>\n\t\t\t\t<a href='https:\/\/www.micoulou-photos.com\/img_2628-3\/'><img loading=\"lazy\" decoding=\"async\" width=\"300\" height=\"300\" src=\"https:\/\/i0.wp.com\/www.micoulou-photos.com\/wp-content\/uploads\/2014\/01\/IMG_26282.jpg?fit=300%2C300&amp;ssl=1\" class=\"attachment-medium size-medium\" alt=\"\" aria-describedby=\"gallery-1-584\" srcset=\"https:\/\/i0.wp.com\/www.micoulou-photos.com\/wp-content\/uploads\/2014\/01\/IMG_26282.jpg?w=800&amp;ssl=1 800w, https:\/\/i0.wp.com\/www.micoulou-photos.com\/wp-content\/uploads\/2014\/01\/IMG_26282.jpg?resize=150%2C150&amp;ssl=1 150w, https:\/\/i0.wp.com\/www.micoulou-photos.com\/wp-content\/uploads\/2014\/01\/IMG_26282.jpg?resize=300%2C300&amp;ssl=1 300w, https:\/\/i0.wp.com\/www.micoulou-photos.com\/wp-content\/uploads\/2014\/01\/IMG_26282.jpg?resize=768%2C768&amp;ssl=1 768w\" sizes=\"(max-width: 300px) 100vw, 300px\" data-attachment-id=\"584\" data-permalink=\"https:\/\/www.micoulou-photos.com\/img_2628-3\/\" data-orig-file=\"https:\/\/i0.wp.com\/www.micoulou-photos.com\/wp-content\/uploads\/2014\/01\/IMG_26282.jpg?fit=800%2C800&amp;ssl=1\" data-orig-size=\"800,800\" data-comments-opened=\"1\" data-image-meta=\"{&quot;aperture&quot;:&quot;4.9&quot;,&quot;credit&quot;:&quot;&quot;,&quot;camera&quot;:&quot;Canon PowerShot S95&quot;,&quot;caption&quot;:&quot;&quot;,&quot;created_timestamp&quot;:&quot;1308505781&quot;,&quot;copyright&quot;:&quot;&quot;,&quot;focal_length&quot;:&quot;22.5&quot;,&quot;iso&quot;:&quot;80&quot;,&quot;shutter_speed&quot;:&quot;0.00625&quot;,&quot;title&quot;:&quot;&quot;,&quot;orientation&quot;:&quot;1&quot;}\" data-image-title=\"IMG_2628\" data-image-description=\"\" data-image-caption=\"&lt;p&gt;Osoyoos, BC, Canada, 2011&lt;\/p&gt;\n\" data-large-file=\"https:\/\/i0.wp.com\/www.micoulou-photos.com\/wp-content\/uploads\/2014\/01\/IMG_26282.jpg?fit=800%2C800&amp;ssl=1\" \/><\/a>\n\t\t\t<\/div>\n\t\t\t\t<figcaption class='wp-caption-text gallery-caption' id='gallery-1-584'>\n\t\t\t\tOsoyoos, BC, Canada, 2011\n\t\t\t\t<\/figcaption><\/figure><figure class='gallery-item'>\n\t\t\t<div class='gallery-icon landscape'>\n\t\t\t\t<a href='https:\/\/www.micoulou-photos.com\/img_2573-2\/'><img loading=\"lazy\" decoding=\"async\" width=\"300\" height=\"300\" src=\"https:\/\/i0.wp.com\/www.micoulou-photos.com\/wp-content\/uploads\/2014\/01\/IMG_25731.jpg?fit=300%2C300&amp;ssl=1\" class=\"attachment-medium size-medium\" alt=\"\" srcset=\"https:\/\/i0.wp.com\/www.micoulou-photos.com\/wp-content\/uploads\/2014\/01\/IMG_25731.jpg?w=1000&amp;ssl=1 1000w, https:\/\/i0.wp.com\/www.micoulou-photos.com\/wp-content\/uploads\/2014\/01\/IMG_25731.jpg?resize=150%2C150&amp;ssl=1 150w, https:\/\/i0.wp.com\/www.micoulou-photos.com\/wp-content\/uploads\/2014\/01\/IMG_25731.jpg?resize=300%2C300&amp;ssl=1 300w, https:\/\/i0.wp.com\/www.micoulou-photos.com\/wp-content\/uploads\/2014\/01\/IMG_25731.jpg?resize=768%2C768&amp;ssl=1 768w, https:\/\/i0.wp.com\/www.micoulou-photos.com\/wp-content\/uploads\/2014\/01\/IMG_25731.jpg?resize=960%2C960&amp;ssl=1 960w\" sizes=\"(max-width: 300px) 100vw, 300px\" data-attachment-id=\"575\" data-permalink=\"https:\/\/www.micoulou-photos.com\/img_2573-2\/\" data-orig-file=\"https:\/\/i0.wp.com\/www.micoulou-photos.com\/wp-content\/uploads\/2014\/01\/IMG_25731.jpg?fit=1000%2C1000&amp;ssl=1\" data-orig-size=\"1000,1000\" data-comments-opened=\"1\" data-image-meta=\"{&quot;aperture&quot;:&quot;5.6&quot;,&quot;credit&quot;:&quot;&quot;,&quot;camera&quot;:&quot;Canon PowerShot S95&quot;,&quot;caption&quot;:&quot;&quot;,&quot;created_timestamp&quot;:&quot;1308504609&quot;,&quot;copyright&quot;:&quot;&quot;,&quot;focal_length&quot;:&quot;22.5&quot;,&quot;iso&quot;:&quot;80&quot;,&quot;shutter_speed&quot;:&quot;0.005&quot;,&quot;title&quot;:&quot;&quot;,&quot;orientation&quot;:&quot;0&quot;}\" data-image-title=\"IMG_2573\" data-image-description=\"\" data-image-caption=\"\" data-large-file=\"https:\/\/i0.wp.com\/www.micoulou-photos.com\/wp-content\/uploads\/2014\/01\/IMG_25731.jpg?fit=800%2C800&amp;ssl=1\" \/><\/a>\n\t\t\t<\/div><\/figure>\n\t\t<\/div>\n\n","protected":false},"excerpt":{"rendered":"<p>Mes Paysages<\/p>\n","protected":false},"author":1,"featured_media":8233,"parent":0,"menu_order":0,"comment_status":"open","ping_status":"closed","template":"","meta":{"jetpack_post_was_ever_published":false,"footnotes":""},"class_list":["post-1034","page","type-page","status-publish","has-post-thumbnail","hentry"],"yoast_head":"<!-- This site is optimized with the Yoast SEO plugin v27.5 - https:\/\/yoast.com\/product\/yoast-seo-wordpress\/ -->\n<title>Paysages naturels - Micoulou Photographie<\/title>\n<meta name=\"robots\" content=\"index, follow, max-snippet:-1, max-image-preview:large, max-video-preview:-1\" \/>\n<link rel=\"canonical\" href=\"https:\/\/www.micoulou-photos.com\/index.php\/paysages-naturels\/\" \/>\n<meta property=\"og:locale\" content=\"fr_FR\" \/>\n<meta property=\"og:type\" content=\"article\" \/>\n<meta property=\"og:title\" content=\"Paysages naturels - Micoulou Photographie\" \/>\n<meta property=\"og:description\" content=\"Mes Paysages\" \/>\n<meta property=\"og:url\" content=\"https:\/\/www.micoulou-photos.com\/index.php\/paysages-naturels\/\" \/>\n<meta property=\"og:site_name\" content=\"Micoulou Photographie\" \/>\n<meta property=\"article:modified_time\" content=\"2024-11-16T01:49:42+00:00\" \/>\n<meta property=\"og:image\" content=\"https:\/\/www.micoulou-photos.com\/wp-content\/uploads\/2024\/11\/APC_1047-hdr.jpg\" \/>\n\t<meta property=\"og:image:width\" content=\"2048\" \/>\n\t<meta property=\"og:image:height\" content=\"1536\" \/>\n\t<meta property=\"og:image:type\" content=\"image\/jpeg\" \/>\n<meta name=\"twitter:card\" content=\"summary_large_image\" \/>\n<meta name=\"twitter:label1\" content=\"Dur\u00e9e de lecture estim\u00e9e\" \/>\n\t<meta name=\"twitter:data1\" content=\"1 minute\" \/>\n<script type=\"application\/ld+json\" class=\"yoast-schema-graph\">{\"@context\":\"https:\\\/\\\/schema.org\",\"@graph\":[{\"@type\":\"WebPage\",\"@id\":\"https:\\\/\\\/www.micoulou-photos.com\\\/index.php\\\/paysages-naturels\\\/\",\"url\":\"https:\\\/\\\/www.micoulou-photos.com\\\/index.php\\\/paysages-naturels\\\/\",\"name\":\"Paysages naturels - Micoulou Photographie\",\"isPartOf\":{\"@id\":\"https:\\\/\\\/www.micoulou-photos.com\\\/#website\"},\"primaryImageOfPage\":{\"@id\":\"https:\\\/\\\/www.micoulou-photos.com\\\/index.php\\\/paysages-naturels\\\/#primaryimage\"},\"image\":{\"@id\":\"https:\\\/\\\/www.micoulou-photos.com\\\/index.php\\\/paysages-naturels\\\/#primaryimage\"},\"thumbnailUrl\":\"https:\\\/\\\/i0.wp.com\\\/www.micoulou-photos.com\\\/wp-content\\\/uploads\\\/2024\\\/11\\\/APC_1047-hdr.jpg?fit=2048%2C1536&ssl=1\",\"datePublished\":\"2014-10-13T12:29:31+00:00\",\"dateModified\":\"2024-11-16T01:49:42+00:00\",\"breadcrumb\":{\"@id\":\"https:\\\/\\\/www.micoulou-photos.com\\\/index.php\\\/paysages-naturels\\\/#breadcrumb\"},\"inLanguage\":\"fr-FR\",\"potentialAction\":[{\"@type\":\"ReadAction\",\"target\":[\"https:\\\/\\\/www.micoulou-photos.com\\\/index.php\\\/paysages-naturels\\\/\"]}]},{\"@type\":\"ImageObject\",\"inLanguage\":\"fr-FR\",\"@id\":\"https:\\\/\\\/www.micoulou-photos.com\\\/index.php\\\/paysages-naturels\\\/#primaryimage\",\"url\":\"https:\\\/\\\/i0.wp.com\\\/www.micoulou-photos.com\\\/wp-content\\\/uploads\\\/2024\\\/11\\\/APC_1047-hdr.jpg?fit=2048%2C1536&ssl=1\",\"contentUrl\":\"https:\\\/\\\/i0.wp.com\\\/www.micoulou-photos.com\\\/wp-content\\\/uploads\\\/2024\\\/11\\\/APC_1047-hdr.jpg?fit=2048%2C1536&ssl=1\",\"width\":2048,\"height\":1536},{\"@type\":\"BreadcrumbList\",\"@id\":\"https:\\\/\\\/www.micoulou-photos.com\\\/index.php\\\/paysages-naturels\\\/#breadcrumb\",\"itemListElement\":[{\"@type\":\"ListItem\",\"position\":1,\"name\":\"Accueil\",\"item\":\"https:\\\/\\\/www.micoulou-photos.com\\\/\"},{\"@type\":\"ListItem\",\"position\":2,\"name\":\"Paysages naturels\"}]},{\"@type\":\"WebSite\",\"@id\":\"https:\\\/\\\/www.micoulou-photos.com\\\/#website\",\"url\":\"https:\\\/\\\/www.micoulou-photos.com\\\/\",\"name\":\"Micoulou Photographie\",\"description\":\"Photographies, Visites virtuelles et formations par Mickael Minarie\",\"publisher\":{\"@id\":\"https:\\\/\\\/www.micoulou-photos.com\\\/#organization\"},\"potentialAction\":[{\"@type\":\"SearchAction\",\"target\":{\"@type\":\"EntryPoint\",\"urlTemplate\":\"https:\\\/\\\/www.micoulou-photos.com\\\/?s={search_term_string}\"},\"query-input\":{\"@type\":\"PropertyValueSpecification\",\"valueRequired\":true,\"valueName\":\"search_term_string\"}}],\"inLanguage\":\"fr-FR\"},{\"@type\":\"Organization\",\"@id\":\"https:\\\/\\\/www.micoulou-photos.com\\\/#organization\",\"name\":\"Micoulou Photographie\",\"url\":\"https:\\\/\\\/www.micoulou-photos.com\\\/\",\"logo\":{\"@type\":\"ImageObject\",\"inLanguage\":\"fr-FR\",\"@id\":\"https:\\\/\\\/www.micoulou-photos.com\\\/#\\\/schema\\\/logo\\\/image\\\/\",\"url\":\"https:\\\/\\\/i0.wp.com\\\/www.micoulou-photos.com\\\/wp-content\\\/uploads\\\/2020\\\/05\\\/cropped-891667_552097324824916_1615181552_o-1.jpg?fit=643%2C722&ssl=1\",\"contentUrl\":\"https:\\\/\\\/i0.wp.com\\\/www.micoulou-photos.com\\\/wp-content\\\/uploads\\\/2020\\\/05\\\/cropped-891667_552097324824916_1615181552_o-1.jpg?fit=643%2C722&ssl=1\",\"width\":643,\"height\":722,\"caption\":\"Micoulou Photographie\"},\"image\":{\"@id\":\"https:\\\/\\\/www.micoulou-photos.com\\\/#\\\/schema\\\/logo\\\/image\\\/\"}}]}<\/script>\n<!-- \/ Yoast SEO plugin. -->","yoast_head_json":{"title":"Paysages naturels - Micoulou Photographie","robots":{"index":"index","follow":"follow","max-snippet":"max-snippet:-1","max-image-preview":"max-image-preview:large","max-video-preview":"max-video-preview:-1"},"canonical":"https:\/\/www.micoulou-photos.com\/index.php\/paysages-naturels\/","og_locale":"fr_FR","og_type":"article","og_title":"Paysages naturels - Micoulou Photographie","og_description":"Mes Paysages","og_url":"https:\/\/www.micoulou-photos.com\/index.php\/paysages-naturels\/","og_site_name":"Micoulou Photographie","article_modified_time":"2024-11-16T01:49:42+00:00","og_image":[{"width":2048,"height":1536,"url":"https:\/\/www.micoulou-photos.com\/wp-content\/uploads\/2024\/11\/APC_1047-hdr.jpg","type":"image\/jpeg"}],"twitter_card":"summary_large_image","twitter_misc":{"Dur\u00e9e de lecture estim\u00e9e":"1 minute"},"schema":{"@context":"https:\/\/schema.org","@graph":[{"@type":"WebPage","@id":"https:\/\/www.micoulou-photos.com\/index.php\/paysages-naturels\/","url":"https:\/\/www.micoulou-photos.com\/index.php\/paysages-naturels\/","name":"Paysages naturels - Micoulou Photographie","isPartOf":{"@id":"https:\/\/www.micoulou-photos.com\/#website"},"primaryImageOfPage":{"@id":"https:\/\/www.micoulou-photos.com\/index.php\/paysages-naturels\/#primaryimage"},"image":{"@id":"https:\/\/www.micoulou-photos.com\/index.php\/paysages-naturels\/#primaryimage"},"thumbnailUrl":"https:\/\/i0.wp.com\/www.micoulou-photos.com\/wp-content\/uploads\/2024\/11\/APC_1047-hdr.jpg?fit=2048%2C1536&ssl=1","datePublished":"2014-10-13T12:29:31+00:00","dateModified":"2024-11-16T01:49:42+00:00","breadcrumb":{"@id":"https:\/\/www.micoulou-photos.com\/index.php\/paysages-naturels\/#breadcrumb"},"inLanguage":"fr-FR","potentialAction":[{"@type":"ReadAction","target":["https:\/\/www.micoulou-photos.com\/index.php\/paysages-naturels\/"]}]},{"@type":"ImageObject","inLanguage":"fr-FR","@id":"https:\/\/www.micoulou-photos.com\/index.php\/paysages-naturels\/#primaryimage","url":"https:\/\/i0.wp.com\/www.micoulou-photos.com\/wp-content\/uploads\/2024\/11\/APC_1047-hdr.jpg?fit=2048%2C1536&ssl=1","contentUrl":"https:\/\/i0.wp.com\/www.micoulou-photos.com\/wp-content\/uploads\/2024\/11\/APC_1047-hdr.jpg?fit=2048%2C1536&ssl=1","width":2048,"height":1536},{"@type":"BreadcrumbList","@id":"https:\/\/www.micoulou-photos.com\/index.php\/paysages-naturels\/#breadcrumb","itemListElement":[{"@type":"ListItem","position":1,"name":"Accueil","item":"https:\/\/www.micoulou-photos.com\/"},{"@type":"ListItem","position":2,"name":"Paysages naturels"}]},{"@type":"WebSite","@id":"https:\/\/www.micoulou-photos.com\/#website","url":"https:\/\/www.micoulou-photos.com\/","name":"Micoulou Photographie","description":"Photographies, Visites virtuelles et formations par Mickael Minarie","publisher":{"@id":"https:\/\/www.micoulou-photos.com\/#organization"},"potentialAction":[{"@type":"SearchAction","target":{"@type":"EntryPoint","urlTemplate":"https:\/\/www.micoulou-photos.com\/?s={search_term_string}"},"query-input":{"@type":"PropertyValueSpecification","valueRequired":true,"valueName":"search_term_string"}}],"inLanguage":"fr-FR"},{"@type":"Organization","@id":"https:\/\/www.micoulou-photos.com\/#organization","name":"Micoulou Photographie","url":"https:\/\/www.micoulou-photos.com\/","logo":{"@type":"ImageObject","inLanguage":"fr-FR","@id":"https:\/\/www.micoulou-photos.com\/#\/schema\/logo\/image\/","url":"https:\/\/i0.wp.com\/www.micoulou-photos.com\/wp-content\/uploads\/2020\/05\/cropped-891667_552097324824916_1615181552_o-1.jpg?fit=643%2C722&ssl=1","contentUrl":"https:\/\/i0.wp.com\/www.micoulou-photos.com\/wp-content\/uploads\/2020\/05\/cropped-891667_552097324824916_1615181552_o-1.jpg?fit=643%2C722&ssl=1","width":643,"height":722,"caption":"Micoulou Photographie"},"image":{"@id":"https:\/\/www.micoulou-photos.com\/#\/schema\/logo\/image\/"}}]}},"jetpack_sharing_enabled":true,"jetpack_shortlink":"https:\/\/wp.me\/P7zKF4-gG","jetpack-related-posts":[{"id":1476,"url":"https:\/\/www.micoulou-photos.com\/index.php\/paysages-oniriques\/","url_meta":{"origin":1034,"position":0},"title":"Paysages oniriques","author":"micoulou","date":"15 novembre 2015","format":false,"excerpt":"Paysages enneig\u00e9, embrum\u00e9, de mer, de nuit...Impression fine art disponibles, me contacter pour en savoir plus. Ces tirages sont expos\u00e9s r\u00e9guli\u00e8rement.","rel":"","context":"Article similaire","block_context":{"text":"Article similaire","link":""},"img":{"alt_text":"Glendalough - Irelande","src":"https:\/\/i0.wp.com\/www.micoulou-photos.com\/wp-content\/uploads\/2020\/04\/IMGP5172-Edit.jpg?fit=1200%2C675&ssl=1&resize=350%2C200","width":350,"height":200,"srcset":"https:\/\/i0.wp.com\/www.micoulou-photos.com\/wp-content\/uploads\/2020\/04\/IMGP5172-Edit.jpg?fit=1200%2C675&ssl=1&resize=350%2C200 1x, https:\/\/i0.wp.com\/www.micoulou-photos.com\/wp-content\/uploads\/2020\/04\/IMGP5172-Edit.jpg?fit=1200%2C675&ssl=1&resize=525%2C300 1.5x, https:\/\/i0.wp.com\/www.micoulou-photos.com\/wp-content\/uploads\/2020\/04\/IMGP5172-Edit.jpg?fit=1200%2C675&ssl=1&resize=700%2C400 2x, https:\/\/i0.wp.com\/www.micoulou-photos.com\/wp-content\/uploads\/2020\/04\/IMGP5172-Edit.jpg?fit=1200%2C675&ssl=1&resize=1050%2C600 3x"},"classes":[]},{"id":8175,"url":"https:\/\/www.micoulou-photos.com\/index.php\/paysages-nocturnes\/","url_meta":{"origin":1034,"position":1},"title":"Paysages nocturnes","author":"micoulou","date":"16 novembre 2024","format":false,"excerpt":"","rel":"","context":"Article similaire","block_context":{"text":"Article similaire","link":""},"img":{"alt_text":"","src":"https:\/\/i0.wp.com\/www.micoulou-photos.com\/wp-content\/uploads\/2024\/11\/DSC08988-Avec-accentuation-Bruit-scaled.jpg?fit=1200%2C1200&ssl=1&resize=350%2C200","width":350,"height":200,"srcset":"https:\/\/i0.wp.com\/www.micoulou-photos.com\/wp-content\/uploads\/2024\/11\/DSC08988-Avec-accentuation-Bruit-scaled.jpg?fit=1200%2C1200&ssl=1&resize=350%2C200 1x, https:\/\/i0.wp.com\/www.micoulou-photos.com\/wp-content\/uploads\/2024\/11\/DSC08988-Avec-accentuation-Bruit-scaled.jpg?fit=1200%2C1200&ssl=1&resize=525%2C300 1.5x, https:\/\/i0.wp.com\/www.micoulou-photos.com\/wp-content\/uploads\/2024\/11\/DSC08988-Avec-accentuation-Bruit-scaled.jpg?fit=1200%2C1200&ssl=1&resize=700%2C400 2x, https:\/\/i0.wp.com\/www.micoulou-photos.com\/wp-content\/uploads\/2024\/11\/DSC08988-Avec-accentuation-Bruit-scaled.jpg?fit=1200%2C1200&ssl=1&resize=1050%2C600 3x"},"classes":[]},{"id":2107,"url":"https:\/\/www.micoulou-photos.com\/index.php\/galleries-de-photographie\/","url_meta":{"origin":1034,"position":2},"title":"Galerie de photographie","author":"micoulou","date":"2 juin 2016","format":false,"excerpt":"Mes meilleures photos, que vous pouvez commander ici. Serie paysages oniriques :","rel":"","context":"Article similaire","block_context":{"text":"Article similaire","link":""},"img":{"alt_text":"","src":"https:\/\/i0.wp.com\/www.micoulou-photos.com\/wp-content\/uploads\/2015\/11\/IMGP7252-Modifier.jpg?resize=350%2C200","width":350,"height":200,"srcset":"https:\/\/i0.wp.com\/www.micoulou-photos.com\/wp-content\/uploads\/2015\/11\/IMGP7252-Modifier.jpg?resize=350%2C200 1x, https:\/\/i0.wp.com\/www.micoulou-photos.com\/wp-content\/uploads\/2015\/11\/IMGP7252-Modifier.jpg?resize=525%2C300 1.5x, https:\/\/i0.wp.com\/www.micoulou-photos.com\/wp-content\/uploads\/2015\/11\/IMGP7252-Modifier.jpg?resize=700%2C400 2x, https:\/\/i0.wp.com\/www.micoulou-photos.com\/wp-content\/uploads\/2015\/11\/IMGP7252-Modifier.jpg?resize=1050%2C600 3x"},"classes":[]},{"id":5998,"url":"https:\/\/www.micoulou-photos.com\/index.php\/cityscape\/","url_meta":{"origin":1034,"position":3},"title":"Cityscape","author":"micoulou","date":"26 avril 2020","format":false,"excerpt":"Paysage urbain, entre deux train, deux bus, deux tramway... Je suis souvent attir\u00e9 par ces ambiances assez myst\u00e9rieuse, au milieu de la foule o\u00f9 je reste dans ma bulle, \u00e0 observer ce monde... Pont de Pierre, BordeauxVue sur la tour eiffel depuis MontparnasseVers la rue Sainte Catherine de BordeauxEn me\u2026","rel":"","context":"Article similaire","block_context":{"text":"Article similaire","link":""},"img":{"alt_text":"","src":"https:\/\/i0.wp.com\/www.micoulou-photos.com\/wp-content\/uploads\/2020\/04\/DSC00902-Modifier.jpg?fit=801%2C1200&ssl=1&resize=350%2C200","width":350,"height":200,"srcset":"https:\/\/i0.wp.com\/www.micoulou-photos.com\/wp-content\/uploads\/2020\/04\/DSC00902-Modifier.jpg?fit=801%2C1200&ssl=1&resize=350%2C200 1x, https:\/\/i0.wp.com\/www.micoulou-photos.com\/wp-content\/uploads\/2020\/04\/DSC00902-Modifier.jpg?fit=801%2C1200&ssl=1&resize=525%2C300 1.5x, https:\/\/i0.wp.com\/www.micoulou-photos.com\/wp-content\/uploads\/2020\/04\/DSC00902-Modifier.jpg?fit=801%2C1200&ssl=1&resize=700%2C400 2x"},"classes":[]},{"id":1592,"url":"https:\/\/www.micoulou-photos.com\/index.php\/page-dacceuil\/","url_meta":{"origin":1034,"position":4},"title":"Visites virtuelles, paysages oniriques et vie alternative par Mickael Minarie","author":"micoulou","date":"29 mai 2016","format":false,"excerpt":"Photographe en nouvelle aquitaine Attention : en avril 2020, je refais mon site, tout va changer ! Il risque d'y avoir des soucis pendant quelques jours... Photographe de Reportage et VRUn mariage, concert ou tout autre \u00e9v\u00e9nement m\u00e9morable ? Je vous r\u00e9alise un reportage photo sur mesure et originale. Disponible\u2026","rel":"","context":"Article similaire","block_context":{"text":"Article similaire","link":""},"img":{"alt_text":"","src":"https:\/\/i0.wp.com\/www.micoulou-photos.com\/wp-content\/uploads\/2020\/03\/Photantik-logo-2018-small.jpg?resize=350%2C200&ssl=1","width":350,"height":200,"srcset":"https:\/\/i0.wp.com\/www.micoulou-photos.com\/wp-content\/uploads\/2020\/03\/Photantik-logo-2018-small.jpg?resize=350%2C200&ssl=1 1x, https:\/\/i0.wp.com\/www.micoulou-photos.com\/wp-content\/uploads\/2020\/03\/Photantik-logo-2018-small.jpg?resize=525%2C300&ssl=1 1.5x"},"classes":[]},{"id":5577,"url":"https:\/\/www.micoulou-photos.com\/index.php\/la-campagne\/","url_meta":{"origin":1034,"position":5},"title":"La campagne","author":"micoulou","date":"12 avril 2020","format":false,"excerpt":"P\u00e9r\u00e9grination dans la nature, fascon\u00e9 par l'homme ou toujours naturelle...","rel":"","context":"Article similaire","block_context":{"text":"Article similaire","link":""},"img":{"alt_text":"","src":"","width":0,"height":0},"classes":[]}],"_links":{"self":[{"href":"https:\/\/www.micoulou-photos.com\/index.php\/wp-json\/wp\/v2\/pages\/1034","targetHints":{"allow":["GET"]}}],"collection":[{"href":"https:\/\/www.micoulou-photos.com\/index.php\/wp-json\/wp\/v2\/pages"}],"about":[{"href":"https:\/\/www.micoulou-photos.com\/index.php\/wp-json\/wp\/v2\/types\/page"}],"author":[{"embeddable":true,"href":"https:\/\/www.micoulou-photos.com\/index.php\/wp-json\/wp\/v2\/users\/1"}],"replies":[{"embeddable":true,"href":"https:\/\/www.micoulou-photos.com\/index.php\/wp-json\/wp\/v2\/comments?post=1034"}],"version-history":[{"count":1,"href":"https:\/\/www.micoulou-photos.com\/index.php\/wp-json\/wp\/v2\/pages\/1034\/revisions"}],"predecessor-version":[{"id":8234,"href":"https:\/\/www.micoulou-photos.com\/index.php\/wp-json\/wp\/v2\/pages\/1034\/revisions\/8234"}],"wp:featuredmedia":[{"embeddable":true,"href":"https:\/\/www.micoulou-photos.com\/index.php\/wp-json\/wp\/v2\/media\/8233"}],"wp:attachment":[{"href":"https:\/\/www.micoulou-photos.com\/index.php\/wp-json\/wp\/v2\/media?parent=1034"}],"curies":[{"name":"wp","href":"https:\/\/api.w.org\/{rel}","templated":true}]}}